{"version":"1.0","provider_name":"Svenska Magasinet","provider_url":"https:\/\/lightweb.dev\/l\/svm-temp","author_name":"Redaktionen SvM","author_url":"https:\/\/lightweb.dev\/l\/svm-temp\/reporter\/redaktionen\/","title":"Delade meningar om v\u00e4gen till h\u00e4lsa","type":"rich","width":600,"height":338,"html":"<blockquote class=\"wp-embedded-content\" data-secret=\"X0kzgdVFbr\"><a href=\"https:\/\/lightweb.dev\/l\/svm-temp\/artiklar\/delade-meningar-om-vagen-till-halsa\/\">Delade meningar om v\u00e4gen till h\u00e4lsa<\/a><\/blockquote><iframe sandbox=\"allow-scripts\" security=\"restricted\" src=\"https:\/\/lightweb.dev\/l\/svm-temp\/artiklar\/delade-meningar-om-vagen-till-halsa\/embed\/#?secret=X0kzgdVFbr\" width=\"600\" height=\"338\" title=\"\u201dDelade meningar om v\u00e4gen till h\u00e4lsa\u201d &ndash; Svenska Magasinet\" data-secret=\"X0kzgdVFbr\" frameborder=\"0\" marginwidth=\"0\" marginheight=\"0\" scrolling=\"no\" class=\"wp-embedded-content\"><\/iframe><script type=\"text\/javascript\">\n\/* <![CDATA[ *\/\n\/*! This file is auto-generated *\/\n!function(d,l){\"use strict\";l.querySelector&&d.addEventListener&&\"undefined\"!=typeof URL&&(d.wp=d.wp||{},d.wp.receiveEmbedMessage||(d.wp.receiveEmbedMessage=function(e){var t=e.data;if((t||t.secret||t.message||t.value)&&!\/[^a-zA-Z0-9]\/.test(t.secret)){for(var s,r,n,a=l.querySelectorAll('iframe[data-secret=\"'+t.secret+'\"]'),o=l.querySelectorAll('blockquote[data-secret=\"'+t.secret+'\"]'),c=new RegExp(\"^https?:$\",\"i\"),i=0;i<o.length;i++)o[i].style.display=\"none\";for(i=0;i<a.length;i++)s=a[i],e.source===s.contentWindow&&(s.removeAttribute(\"style\"),\"height\"===t.message?(1e3<(r=parseInt(t.value,10))?r=1e3:~~r<200&&(r=200),s.height=r):\"link\"===t.message&&(r=new URL(s.getAttribute(\"src\")),n=new URL(t.value),c.test(n.protocol))&&n.host===r.host&&l.activeElement===s&&(d.top.location.href=t.value))}},d.addEventListener(\"message\",d.wp.receiveEmbedMessage,!1),l.addEventListener(\"DOMContentLoaded\",function(){for(var e,t,s=l.querySelectorAll(\"iframe.wp-embedded-content\"),r=0;r<s.length;r++)(t=(e=s[r]).getAttribute(\"data-secret\"))||(t=Math.random().toString(36).substring(2,12),e.src+=\"#?secret=\"+t,e.setAttribute(\"data-secret\",t)),e.contentWindow.postMessage({message:\"ready\",secret:t},\"*\")},!1)))}(window,document);\n\/* ]]> *\/\n<\/script>\n","description":"V\u00e5rt v\u00e4sterl\u00e4ndska samh\u00e4lle blir mer och mer oh\u00e4lsosamt med fler och fler kroniska sjukdomar. Och detta trots att vi spenderar mer och mer pengar p\u00e5 sjukv\u00e5rd. Samtidigt finns det en \u00f6kande trend d\u00e4r man \u00f6verger traditionella l\u00e4kemedel och spenderar mer p\u00e5 alternativ medicin. Orsakerna f\u00f6r detta \u00f6kade intresse f\u00f6r de alternativa eller komplement\u00e4ra medicinen \u00e4r [&hellip;]"}