{"version":"1.0","provider_name":"Svenska Magasinet","provider_url":"https:\/\/lightweb.dev\/l\/svm-temp","author_name":"Redaktionen SvM","author_url":"https:\/\/lightweb.dev\/l\/svm-temp\/reporter\/redaktionen\/","title":"Det nya pr\u00e4stparet v\u00e4lkomnades","type":"rich","width":600,"height":338,"html":"<blockquote class=\"wp-embedded-content\" data-secret=\"RtShUoeOak\"><a href=\"https:\/\/lightweb.dev\/l\/svm-temp\/artiklar\/det-nya-prastparet-valkomnades\/\">Det nya pr\u00e4stparet v\u00e4lkomnades<\/a><\/blockquote><iframe sandbox=\"allow-scripts\" security=\"restricted\" src=\"https:\/\/lightweb.dev\/l\/svm-temp\/artiklar\/det-nya-prastparet-valkomnades\/embed\/#?secret=RtShUoeOak\" width=\"600\" height=\"338\" title=\"\u201dDet nya pr\u00e4stparet v\u00e4lkomnades\u201d &ndash; Svenska Magasinet\" data-secret=\"RtShUoeOak\" frameborder=\"0\" marginwidth=\"0\" marginheight=\"0\" scrolling=\"no\" class=\"wp-embedded-content\"><\/iframe><script type=\"text\/javascript\">\n\/* <![CDATA[ *\/\n\/*! This file is auto-generated *\/\n!function(d,l){\"use strict\";l.querySelector&&d.addEventListener&&\"undefined\"!=typeof URL&&(d.wp=d.wp||{},d.wp.receiveEmbedMessage||(d.wp.receiveEmbedMessage=function(e){var t=e.data;if((t||t.secret||t.message||t.value)&&!\/[^a-zA-Z0-9]\/.test(t.secret)){for(var s,r,n,a=l.querySelectorAll('iframe[data-secret=\"'+t.secret+'\"]'),o=l.querySelectorAll('blockquote[data-secret=\"'+t.secret+'\"]'),c=new RegExp(\"^https?:$\",\"i\"),i=0;i<o.length;i++)o[i].style.display=\"none\";for(i=0;i<a.length;i++)s=a[i],e.source===s.contentWindow&&(s.removeAttribute(\"style\"),\"height\"===t.message?(1e3<(r=parseInt(t.value,10))?r=1e3:~~r<200&&(r=200),s.height=r):\"link\"===t.message&&(r=new URL(s.getAttribute(\"src\")),n=new URL(t.value),c.test(n.protocol))&&n.host===r.host&&l.activeElement===s&&(d.top.location.href=t.value))}},d.addEventListener(\"message\",d.wp.receiveEmbedMessage,!1),l.addEventListener(\"DOMContentLoaded\",function(){for(var e,t,s=l.querySelectorAll(\"iframe.wp-embedded-content\"),r=0;r<s.length;r++)(t=(e=s[r]).getAttribute(\"data-secret\"))||(t=Math.random().toString(36).substring(2,12),e.src+=\"#?secret=\"+t,e.setAttribute(\"data-secret\",t)),e.contentWindow.postMessage({message:\"ready\",secret:t},\"*\")},!1)))}(window,document);\n\/* ]]> *\/\n<\/script>\n","thumbnail_url":"https:\/\/lightweb.dev\/l\/svm-temp\/wp-content\/uploads\/2022\/04\/det-nya-prstparet-vlkomnades.png","thumbnail_width":280,"thumbnail_height":210,"description":"Nu har det varit festgl\u00e4dje i Svenska kyrkan p\u00e5 Costa del Sol igen. Vid gudstj\u00e4nsten den 3 februari deltog drygt 110 personer i avtackandet av min hustru Gun och undertecknad samt v\u00e4lkomnandet av det nya pr\u00e4stparet Karin och Arne S\u00f6derb\u00e4ck. K\u00f6ren sj\u00f6ng under ledning av v\u00e5ra h\u00e4rliga musiker Sonia Granquist och Hans M\u00fcller. Arne S\u00f6derb\u00e4ck [&hellip;]"}