{"version":"1.0","provider_name":"Svenska Magasinet","provider_url":"https:\/\/lightweb.dev\/l\/svm-temp","author_name":"Redaktionen SvM","author_url":"https:\/\/lightweb.dev\/l\/svm-temp\/reporter\/redaktionen\/","title":"Efterl\u00e4ngtade Cibo har \u00f6ppnat","type":"rich","width":600,"height":338,"html":"<blockquote class=\"wp-embedded-content\" data-secret=\"JNlhtBcVBP\"><a href=\"https:\/\/lightweb.dev\/l\/svm-temp\/artiklar\/efterlangtade-cibo-har-oppnat\/\">Efterl\u00e4ngtade Cibo har \u00f6ppnat<\/a><\/blockquote><iframe sandbox=\"allow-scripts\" security=\"restricted\" src=\"https:\/\/lightweb.dev\/l\/svm-temp\/artiklar\/efterlangtade-cibo-har-oppnat\/embed\/#?secret=JNlhtBcVBP\" width=\"600\" height=\"338\" title=\"\u201dEfterl\u00e4ngtade Cibo har \u00f6ppnat\u201d &ndash; Svenska Magasinet\" data-secret=\"JNlhtBcVBP\" frameborder=\"0\" marginwidth=\"0\" marginheight=\"0\" scrolling=\"no\" class=\"wp-embedded-content\"><\/iframe><script type=\"text\/javascript\">\n\/* <![CDATA[ *\/\n\/*! This file is auto-generated *\/\n!function(d,l){\"use strict\";l.querySelector&&d.addEventListener&&\"undefined\"!=typeof URL&&(d.wp=d.wp||{},d.wp.receiveEmbedMessage||(d.wp.receiveEmbedMessage=function(e){var t=e.data;if((t||t.secret||t.message||t.value)&&!\/[^a-zA-Z0-9]\/.test(t.secret)){for(var s,r,n,a=l.querySelectorAll('iframe[data-secret=\"'+t.secret+'\"]'),o=l.querySelectorAll('blockquote[data-secret=\"'+t.secret+'\"]'),c=new RegExp(\"^https?:$\",\"i\"),i=0;i<o.length;i++)o[i].style.display=\"none\";for(i=0;i<a.length;i++)s=a[i],e.source===s.contentWindow&&(s.removeAttribute(\"style\"),\"height\"===t.message?(1e3<(r=parseInt(t.value,10))?r=1e3:~~r<200&&(r=200),s.height=r):\"link\"===t.message&&(r=new URL(s.getAttribute(\"src\")),n=new URL(t.value),c.test(n.protocol))&&n.host===r.host&&l.activeElement===s&&(d.top.location.href=t.value))}},d.addEventListener(\"message\",d.wp.receiveEmbedMessage,!1),l.addEventListener(\"DOMContentLoaded\",function(){for(var e,t,s=l.querySelectorAll(\"iframe.wp-embedded-content\"),r=0;r<s.length;r++)(t=(e=s[r]).getAttribute(\"data-secret\"))||(t=Math.random().toString(36).substring(2,12),e.src+=\"#?secret=\"+t,e.setAttribute(\"data-secret\",t)),e.contentWindow.postMessage({message:\"ready\",secret:t},\"*\")},!1)))}(window,document);\n\/* ]]> *\/\n<\/script>\n","thumbnail_url":"https:\/\/lightweb.dev\/l\/svm-temp\/wp-content\/uploads\/2022\/04\/efterlngtade-cibo-har-ppnat.png","thumbnail_width":280,"thumbnail_height":307,"description":"En efterl\u00e4ngtad ny italiensk restaurang Cibo Italiano \u00f6ppnade den 12 mars p\u00e5 den Gyllene Milen i Marbella. Cibo kommer att bli n\u00e5got alldeles speciellt med fantastisk v\u00e4llagad f\u00e4rsk italiensk mat fr\u00e5n de allra b\u00e4sta ingredienserna. Med ett perfekt l\u00e4ge mellan Marbella och Puerto Banus, bara n\u00e5gra minuter ifr\u00e5n stranden, blir Cibo helt s\u00e4kert en popul\u00e4r [&hellip;]"}