{"version":"1.0","provider_name":"Svenska Magasinet","provider_url":"https:\/\/lightweb.dev\/l\/svm-temp","author_name":"Redaktionen SvM","author_url":"https:\/\/lightweb.dev\/l\/svm-temp\/reporter\/redaktionen\/","title":"En karri\u00e4r att vara stolt \u00f6ver","type":"rich","width":600,"height":338,"html":"<blockquote class=\"wp-embedded-content\" data-secret=\"4o1WBCv7na\"><a href=\"https:\/\/lightweb.dev\/l\/svm-temp\/artiklar\/en-karriar-att-vara-stolt-over\/\">En karri\u00e4r att vara stolt \u00f6ver<\/a><\/blockquote><iframe sandbox=\"allow-scripts\" security=\"restricted\" src=\"https:\/\/lightweb.dev\/l\/svm-temp\/artiklar\/en-karriar-att-vara-stolt-over\/embed\/#?secret=4o1WBCv7na\" width=\"600\" height=\"338\" title=\"\u201dEn karri\u00e4r att vara stolt \u00f6ver\u201d &ndash; Svenska Magasinet\" data-secret=\"4o1WBCv7na\" frameborder=\"0\" marginwidth=\"0\" marginheight=\"0\" scrolling=\"no\" class=\"wp-embedded-content\"><\/iframe><script type=\"text\/javascript\">\n\/* <![CDATA[ *\/\n\/*! This file is auto-generated *\/\n!function(d,l){\"use strict\";l.querySelector&&d.addEventListener&&\"undefined\"!=typeof URL&&(d.wp=d.wp||{},d.wp.receiveEmbedMessage||(d.wp.receiveEmbedMessage=function(e){var t=e.data;if((t||t.secret||t.message||t.value)&&!\/[^a-zA-Z0-9]\/.test(t.secret)){for(var s,r,n,a=l.querySelectorAll('iframe[data-secret=\"'+t.secret+'\"]'),o=l.querySelectorAll('blockquote[data-secret=\"'+t.secret+'\"]'),c=new RegExp(\"^https?:$\",\"i\"),i=0;i<o.length;i++)o[i].style.display=\"none\";for(i=0;i<a.length;i++)s=a[i],e.source===s.contentWindow&&(s.removeAttribute(\"style\"),\"height\"===t.message?(1e3<(r=parseInt(t.value,10))?r=1e3:~~r<200&&(r=200),s.height=r):\"link\"===t.message&&(r=new URL(s.getAttribute(\"src\")),n=new URL(t.value),c.test(n.protocol))&&n.host===r.host&&l.activeElement===s&&(d.top.location.href=t.value))}},d.addEventListener(\"message\",d.wp.receiveEmbedMessage,!1),l.addEventListener(\"DOMContentLoaded\",function(){for(var e,t,s=l.querySelectorAll(\"iframe.wp-embedded-content\"),r=0;r<s.length;r++)(t=(e=s[r]).getAttribute(\"data-secret\"))||(t=Math.random().toString(36).substring(2,12),e.src+=\"#?secret=\"+t,e.setAttribute(\"data-secret\",t)),e.contentWindow.postMessage({message:\"ready\",secret:t},\"*\")},!1)))}(window,document);\n\/* ]]> *\/\n<\/script>\n","thumbnail_url":"https:\/\/lightweb.dev\/l\/svm-temp\/wp-content\/uploads\/2022\/04\/en-karrir-att-vara-stolt-ver.png","thumbnail_width":301,"thumbnail_height":200,"description":"Marbella Beauty Academy erbjuder en internationellt erk\u00e4nd kompetens inom sk\u00f6nhetsterapi, h\u00e5rv\u00e5rd och makeup. Giselle Beck-Davies \u00e4r rektor p\u00e5 skolan och hon har en mycket gedigen bakgrund med \u00f6ver 30 \u00e5r i branschen. Giselle har p\u00e5 ett framg\u00e5ngsrikt s\u00e4tt drivit kurser i Marbella i \u00e5tta \u00e5r nu och hon s\u00e4ger att det \u00e4r mycket tillfredst\u00e4llande att [&hellip;]"}