{"version":"1.0","provider_name":"Svenska Magasinet","provider_url":"https:\/\/lightweb.dev\/l\/svm-temp","author_name":"Redaktionen SvM","author_url":"https:\/\/lightweb.dev\/l\/svm-temp\/reporter\/redaktionen\/","title":"Hall\u00e5 d\u00e4r - Birgitta Bergin!","type":"rich","width":600,"height":338,"html":"<blockquote class=\"wp-embedded-content\" data-secret=\"V2ZPFNibH2\"><a href=\"https:\/\/lightweb.dev\/l\/svm-temp\/artiklar\/halla-dar-birgitta-bergin\/\">Hall\u00e5 d\u00e4r &#8211; Birgitta Bergin!<\/a><\/blockquote><iframe sandbox=\"allow-scripts\" security=\"restricted\" src=\"https:\/\/lightweb.dev\/l\/svm-temp\/artiklar\/halla-dar-birgitta-bergin\/embed\/#?secret=V2ZPFNibH2\" width=\"600\" height=\"338\" title=\"\u201dHall\u00e5 d\u00e4r &#8211; Birgitta Bergin!\u201d &ndash; Svenska Magasinet\" data-secret=\"V2ZPFNibH2\" frameborder=\"0\" marginwidth=\"0\" marginheight=\"0\" scrolling=\"no\" class=\"wp-embedded-content\"><\/iframe><script type=\"text\/javascript\">\n\/* <![CDATA[ *\/\n\/*! This file is auto-generated *\/\n!function(d,l){\"use strict\";l.querySelector&&d.addEventListener&&\"undefined\"!=typeof URL&&(d.wp=d.wp||{},d.wp.receiveEmbedMessage||(d.wp.receiveEmbedMessage=function(e){var t=e.data;if((t||t.secret||t.message||t.value)&&!\/[^a-zA-Z0-9]\/.test(t.secret)){for(var s,r,n,a=l.querySelectorAll('iframe[data-secret=\"'+t.secret+'\"]'),o=l.querySelectorAll('blockquote[data-secret=\"'+t.secret+'\"]'),c=new RegExp(\"^https?:$\",\"i\"),i=0;i<o.length;i++)o[i].style.display=\"none\";for(i=0;i<a.length;i++)s=a[i],e.source===s.contentWindow&&(s.removeAttribute(\"style\"),\"height\"===t.message?(1e3<(r=parseInt(t.value,10))?r=1e3:~~r<200&&(r=200),s.height=r):\"link\"===t.message&&(r=new URL(s.getAttribute(\"src\")),n=new URL(t.value),c.test(n.protocol))&&n.host===r.host&&l.activeElement===s&&(d.top.location.href=t.value))}},d.addEventListener(\"message\",d.wp.receiveEmbedMessage,!1),l.addEventListener(\"DOMContentLoaded\",function(){for(var e,t,s=l.querySelectorAll(\"iframe.wp-embedded-content\"),r=0;r<s.length;r++)(t=(e=s[r]).getAttribute(\"data-secret\"))||(t=Math.random().toString(36).substring(2,12),e.src+=\"#?secret=\"+t,e.setAttribute(\"data-secret\",t)),e.contentWindow.postMessage({message:\"ready\",secret:t},\"*\")},!1)))}(window,document);\n\/* ]]> *\/\n<\/script>\n","thumbnail_url":"https:\/\/lightweb.dev\/l\/svm-temp\/wp-content\/uploads\/2022\/04\/hall-dr-birgitta-bergin.png","thumbnail_width":280,"thumbnail_height":529,"description":"Grattis till andra boksl\u00e4ppet, \u00a8F\u00e5ngad i Marbella\u00a8. Ber\u00e4tta lite om dig sj\u00e4lv och om ditt skrivande? Av Katarina Lindevall &#8211; Mitt liv har alltid varit ett tempo, ett snabbt tempo. G\u00e5r saker f\u00f6r l\u00e5ngsamt blir jag ot\u00e5lig. Min f\u00f6rsta bok heter \u201dTre veckor\u201d och \u00e4r ett enda stort tempo. Jag beskriver en relation som tv\u00e4rt [&hellip;]"}