{"version":"1.0","provider_name":"Svenska Magasinet","provider_url":"https:\/\/lightweb.dev\/l\/svm-temp","author_name":"Redaktionen SvM","author_url":"https:\/\/lightweb.dev\/l\/svm-temp\/reporter\/redaktionen\/","title":"Kalender\u00e5rets makt \u00f6ver fondspararna.","type":"rich","width":600,"height":338,"html":"<blockquote class=\"wp-embedded-content\" data-secret=\"bVandD09tE\"><a href=\"https:\/\/lightweb.dev\/l\/svm-temp\/artiklar\/kalenderarets-makt-over-fondspararna\/\">Kalender\u00e5rets makt \u00f6ver fondspararna.<\/a><\/blockquote><iframe sandbox=\"allow-scripts\" security=\"restricted\" src=\"https:\/\/lightweb.dev\/l\/svm-temp\/artiklar\/kalenderarets-makt-over-fondspararna\/embed\/#?secret=bVandD09tE\" width=\"600\" height=\"338\" title=\"\u201dKalender\u00e5rets makt \u00f6ver fondspararna.\u201d &ndash; Svenska Magasinet\" data-secret=\"bVandD09tE\" frameborder=\"0\" marginwidth=\"0\" marginheight=\"0\" scrolling=\"no\" class=\"wp-embedded-content\"><\/iframe><script type=\"text\/javascript\">\n\/* <![CDATA[ *\/\n\/*! This file is auto-generated *\/\n!function(d,l){\"use strict\";l.querySelector&&d.addEventListener&&\"undefined\"!=typeof URL&&(d.wp=d.wp||{},d.wp.receiveEmbedMessage||(d.wp.receiveEmbedMessage=function(e){var t=e.data;if((t||t.secret||t.message||t.value)&&!\/[^a-zA-Z0-9]\/.test(t.secret)){for(var s,r,n,a=l.querySelectorAll('iframe[data-secret=\"'+t.secret+'\"]'),o=l.querySelectorAll('blockquote[data-secret=\"'+t.secret+'\"]'),c=new RegExp(\"^https?:$\",\"i\"),i=0;i<o.length;i++)o[i].style.display=\"none\";for(i=0;i<a.length;i++)s=a[i],e.source===s.contentWindow&&(s.removeAttribute(\"style\"),\"height\"===t.message?(1e3<(r=parseInt(t.value,10))?r=1e3:~~r<200&&(r=200),s.height=r):\"link\"===t.message&&(r=new URL(s.getAttribute(\"src\")),n=new URL(t.value),c.test(n.protocol))&&n.host===r.host&&l.activeElement===s&&(d.top.location.href=t.value))}},d.addEventListener(\"message\",d.wp.receiveEmbedMessage,!1),l.addEventListener(\"DOMContentLoaded\",function(){for(var e,t,s=l.querySelectorAll(\"iframe.wp-embedded-content\"),r=0;r<s.length;r++)(t=(e=s[r]).getAttribute(\"data-secret\"))||(t=Math.random().toString(36).substring(2,12),e.src+=\"#?secret=\"+t,e.setAttribute(\"data-secret\",t)),e.contentWindow.postMessage({message:\"ready\",secret:t},\"*\")},!1)))}(window,document);\n\/* ]]> *\/\n<\/script>\n","thumbnail_url":"https:\/\/lightweb.dev\/l\/svm-temp\/wp-content\/uploads\/2022\/04\/kalenderrets-makt-ver-fondspararna.png","thumbnail_width":200,"thumbnail_height":310,"description":"Egentligen skulle jag velat skriva om risk och avkastning och hur man s\u00e4tter ihop sin fondportf\u00f6lj. Men, det har ju alldeles nyss blivit ett nytt \u00e5r. Och Kalender\u00e5ret har f\u00e5tt en m\u00e4rklig makt \u00f6ver v\u00e5r tillvaro p\u00e5 m\u00e5nga s\u00e4tt. Det g\u00e4ller ocks\u00e5 ofta hur vi r\u00e4knar v\u00e5ra pengar. F\u00f6r m\u00e5nga \u00e4r det sk\u00f6nt att b\u00f6rja [&hellip;]"}