{"version":"1.0","provider_name":"Svenska Magasinet","provider_url":"https:\/\/lightweb.dev\/l\/svm-temp","author_name":"Redaktionen SvM","author_url":"https:\/\/lightweb.dev\/l\/svm-temp\/reporter\/redaktionen\/","title":"Skut bes\u00f6kte svenska kyrkan i Fuengirola","type":"rich","width":600,"height":338,"html":"<blockquote class=\"wp-embedded-content\" data-secret=\"YOvbCzxQU5\"><a href=\"https:\/\/lightweb.dev\/l\/svm-temp\/artiklar\/skut-besokte-svenska-kyrkan-i-fuengirola\/\">Skut bes\u00f6kte svenska kyrkan i Fuengirola<\/a><\/blockquote><iframe sandbox=\"allow-scripts\" security=\"restricted\" src=\"https:\/\/lightweb.dev\/l\/svm-temp\/artiklar\/skut-besokte-svenska-kyrkan-i-fuengirola\/embed\/#?secret=YOvbCzxQU5\" width=\"600\" height=\"338\" title=\"\u201dSkut bes\u00f6kte svenska kyrkan i Fuengirola\u201d &ndash; Svenska Magasinet\" data-secret=\"YOvbCzxQU5\" frameborder=\"0\" marginwidth=\"0\" marginheight=\"0\" scrolling=\"no\" class=\"wp-embedded-content\"><\/iframe><script type=\"text\/javascript\">\n\/* <![CDATA[ *\/\n\/*! This file is auto-generated *\/\n!function(d,l){\"use strict\";l.querySelector&&d.addEventListener&&\"undefined\"!=typeof URL&&(d.wp=d.wp||{},d.wp.receiveEmbedMessage||(d.wp.receiveEmbedMessage=function(e){var t=e.data;if((t||t.secret||t.message||t.value)&&!\/[^a-zA-Z0-9]\/.test(t.secret)){for(var s,r,n,a=l.querySelectorAll('iframe[data-secret=\"'+t.secret+'\"]'),o=l.querySelectorAll('blockquote[data-secret=\"'+t.secret+'\"]'),c=new RegExp(\"^https?:$\",\"i\"),i=0;i<o.length;i++)o[i].style.display=\"none\";for(i=0;i<a.length;i++)s=a[i],e.source===s.contentWindow&&(s.removeAttribute(\"style\"),\"height\"===t.message?(1e3<(r=parseInt(t.value,10))?r=1e3:~~r<200&&(r=200),s.height=r):\"link\"===t.message&&(r=new URL(s.getAttribute(\"src\")),n=new URL(t.value),c.test(n.protocol))&&n.host===r.host&&l.activeElement===s&&(d.top.location.href=t.value))}},d.addEventListener(\"message\",d.wp.receiveEmbedMessage,!1),l.addEventListener(\"DOMContentLoaded\",function(){for(var e,t,s=l.querySelectorAll(\"iframe.wp-embedded-content\"),r=0;r<s.length;r++)(t=(e=s[r]).getAttribute(\"data-secret\"))||(t=Math.random().toString(36).substring(2,12),e.src+=\"#?secret=\"+t,e.setAttribute(\"data-secret\",t)),e.contentWindow.postMessage({message:\"ready\",secret:t},\"*\")},!1)))}(window,document);\n\/* ]]> *\/\n<\/script>\n","thumbnail_url":"https:\/\/lightweb.dev\/l\/svm-temp\/wp-content\/uploads\/2022\/04\/skut-beskte-svenska-kyrkan-i-fuengirola.png","thumbnail_width":298,"thumbnail_height":200,"description":"Under tv\u00e5 dagar bes\u00f6kte SKUT Svenska Kyrkof\u00f6reningen i Fuengirola. Delegationens ledarm\u00f6ter m\u00f6ttes p\u00e5 flygplatsen i Malaga av kyrkof\u00f6reningens ordf\u00f6rande Tj\u00e4lvar \u00c5slund , Birgit Gumaelius och tj\u00e4nstg\u00f6rande pr\u00e4st Tommy Svensson. Kyrkoherde Mickael Franz\u00e9n och diakon Susanne Franz\u00e9n fr\u00e5n Torreveija var ocks\u00e5 n\u00e4rvarande. Delegationen bestod av Hans Ulvestrand, Rolf Forslin, Monica Karlsson, Anders Bergqvist, Per-Henrik Bodin och [&hellip;]"}