{"version":"1.0","provider_name":"Svenska Magasinet","provider_url":"https:\/\/lightweb.dev\/l\/svm-temp","author_name":"Redaktionen SvM","author_url":"https:\/\/lightweb.dev\/l\/svm-temp\/reporter\/redaktionen\/","title":"Spanien just nu \u2013 h\u00f6ger eller v\u00e4nster","type":"rich","width":600,"height":338,"html":"<blockquote class=\"wp-embedded-content\" data-secret=\"qcuvCxnalE\"><a href=\"https:\/\/lightweb.dev\/l\/svm-temp\/artiklar\/spanien-just-nu-hoger-eller-vanster\/\">Spanien just nu \u2013 h\u00f6ger eller v\u00e4nster<\/a><\/blockquote><iframe sandbox=\"allow-scripts\" security=\"restricted\" src=\"https:\/\/lightweb.dev\/l\/svm-temp\/artiklar\/spanien-just-nu-hoger-eller-vanster\/embed\/#?secret=qcuvCxnalE\" width=\"600\" height=\"338\" title=\"\u201dSpanien just nu \u2013 h\u00f6ger eller v\u00e4nster\u201d &ndash; Svenska Magasinet\" data-secret=\"qcuvCxnalE\" frameborder=\"0\" marginwidth=\"0\" marginheight=\"0\" scrolling=\"no\" class=\"wp-embedded-content\"><\/iframe><script type=\"text\/javascript\">\n\/* <![CDATA[ *\/\n\/*! This file is auto-generated *\/\n!function(d,l){\"use strict\";l.querySelector&&d.addEventListener&&\"undefined\"!=typeof URL&&(d.wp=d.wp||{},d.wp.receiveEmbedMessage||(d.wp.receiveEmbedMessage=function(e){var t=e.data;if((t||t.secret||t.message||t.value)&&!\/[^a-zA-Z0-9]\/.test(t.secret)){for(var s,r,n,a=l.querySelectorAll('iframe[data-secret=\"'+t.secret+'\"]'),o=l.querySelectorAll('blockquote[data-secret=\"'+t.secret+'\"]'),c=new RegExp(\"^https?:$\",\"i\"),i=0;i<o.length;i++)o[i].style.display=\"none\";for(i=0;i<a.length;i++)s=a[i],e.source===s.contentWindow&&(s.removeAttribute(\"style\"),\"height\"===t.message?(1e3<(r=parseInt(t.value,10))?r=1e3:~~r<200&&(r=200),s.height=r):\"link\"===t.message&&(r=new URL(s.getAttribute(\"src\")),n=new URL(t.value),c.test(n.protocol))&&n.host===r.host&&l.activeElement===s&&(d.top.location.href=t.value))}},d.addEventListener(\"message\",d.wp.receiveEmbedMessage,!1),l.addEventListener(\"DOMContentLoaded\",function(){for(var e,t,s=l.querySelectorAll(\"iframe.wp-embedded-content\"),r=0;r<s.length;r++)(t=(e=s[r]).getAttribute(\"data-secret\"))||(t=Math.random().toString(36).substring(2,12),e.src+=\"#?secret=\"+t,e.setAttribute(\"data-secret\",t)),e.contentWindow.postMessage({message:\"ready\",secret:t},\"*\")},!1)))}(window,document);\n\/* ]]> *\/\n<\/script>\n","thumbnail_url":"https:\/\/lightweb.dev\/l\/svm-temp\/wp-content\/uploads\/2022\/04\/spanien-just-nu-hger-eller-vnster.png","thumbnail_width":348,"thumbnail_height":200,"description":"Allm\u00e4nna val kommer att h\u00e5llas i Spanien den 20 november. Bed\u00f6mare och politiska kommentatorer menar att valkampanjen kommer att fokusera p\u00e5 ekonomin som \u00e4r h\u00e5rt belastad med 21 procents arbetsl\u00f6shet, en ungdomsarbetsl\u00f6shet p\u00e5 46,2 procent, svag tillv\u00e4xt och dystra framtidsutsikter Av Ola Josefsson F\u00f6rutom arbetsl\u00f6sheten och svag tillv\u00e4xt \u00e4r Spaniens l\u00e5nekostnader skyh\u00f6ga eftersom ekonomin k\u00e4mpar [&hellip;]"}