{"version":"1.0","provider_name":"Svenska Magasinet","provider_url":"https:\/\/lightweb.dev\/l\/svm-temp","author_name":"Redaktionen SvM","author_url":"https:\/\/lightweb.dev\/l\/svm-temp\/reporter\/redaktionen\/","title":"Spanien just nu \u2013 Marbella \u00e4r loket","type":"rich","width":600,"height":338,"html":"<blockquote class=\"wp-embedded-content\" data-secret=\"pNB0fQOPav\"><a href=\"https:\/\/lightweb.dev\/l\/svm-temp\/artiklar\/spanien-just-nu-marbella-ar-loket\/\">Spanien just nu \u2013 Marbella \u00e4r loket<\/a><\/blockquote><iframe sandbox=\"allow-scripts\" security=\"restricted\" src=\"https:\/\/lightweb.dev\/l\/svm-temp\/artiklar\/spanien-just-nu-marbella-ar-loket\/embed\/#?secret=pNB0fQOPav\" width=\"600\" height=\"338\" title=\"\u201dSpanien just nu \u2013 Marbella \u00e4r loket\u201d &ndash; Svenska Magasinet\" data-secret=\"pNB0fQOPav\" frameborder=\"0\" marginwidth=\"0\" marginheight=\"0\" scrolling=\"no\" class=\"wp-embedded-content\"><\/iframe><script type=\"text\/javascript\">\n\/* <![CDATA[ *\/\n\/*! This file is auto-generated *\/\n!function(d,l){\"use strict\";l.querySelector&&d.addEventListener&&\"undefined\"!=typeof URL&&(d.wp=d.wp||{},d.wp.receiveEmbedMessage||(d.wp.receiveEmbedMessage=function(e){var t=e.data;if((t||t.secret||t.message||t.value)&&!\/[^a-zA-Z0-9]\/.test(t.secret)){for(var s,r,n,a=l.querySelectorAll('iframe[data-secret=\"'+t.secret+'\"]'),o=l.querySelectorAll('blockquote[data-secret=\"'+t.secret+'\"]'),c=new RegExp(\"^https?:$\",\"i\"),i=0;i<o.length;i++)o[i].style.display=\"none\";for(i=0;i<a.length;i++)s=a[i],e.source===s.contentWindow&&(s.removeAttribute(\"style\"),\"height\"===t.message?(1e3<(r=parseInt(t.value,10))?r=1e3:~~r<200&&(r=200),s.height=r):\"link\"===t.message&&(r=new URL(s.getAttribute(\"src\")),n=new URL(t.value),c.test(n.protocol))&&n.host===r.host&&l.activeElement===s&&(d.top.location.href=t.value))}},d.addEventListener(\"message\",d.wp.receiveEmbedMessage,!1),l.addEventListener(\"DOMContentLoaded\",function(){for(var e,t,s=l.querySelectorAll(\"iframe.wp-embedded-content\"),r=0;r<s.length;r++)(t=(e=s[r]).getAttribute(\"data-secret\"))||(t=Math.random().toString(36).substring(2,12),e.src+=\"#?secret=\"+t,e.setAttribute(\"data-secret\",t)),e.contentWindow.postMessage({message:\"ready\",secret:t},\"*\")},!1)))}(window,document);\n\/* ]]> *\/\n<\/script>\n","thumbnail_url":"https:\/\/lightweb.dev\/l\/svm-temp\/wp-content\/uploads\/2022\/04\/spanien-just-nu-marbella-r-loket.png","thumbnail_width":280,"thumbnail_height":419,"description":"Bilden av flashiga Marbella h\u00e5ller p\u00e5 att \u00e5terst\u00e4llas. Det har varit n\u00e5gra tuffa \u00e5r sedan den 29 mars 2006 d\u00e5 spansk nationalpolis stormade kommunhus och grep ett antal kommunpampar. \u00c1ngeles Mu\u00f1oz tog \u00f6ver som borgm\u00e4stare i maj 2007 och har sedan dess f\u00f6rs\u00f6kt \u00e5terst\u00e4lla Marbella skamfilade ryckte med korruption, urusel ekonomi och illegala fastigheter. Av [&hellip;]"}