{"version":"1.0","provider_name":"Svenska Magasinet","provider_url":"https:\/\/lightweb.dev\/l\/svm-temp","author_name":"Redaktionen SvM","author_url":"https:\/\/lightweb.dev\/l\/svm-temp\/reporter\/redaktionen\/","title":"Spanien just nu - s\u00e4kerhetst\u00e4nk","type":"rich","width":600,"height":338,"html":"<blockquote class=\"wp-embedded-content\" data-secret=\"unFVA6hqUK\"><a href=\"https:\/\/lightweb.dev\/l\/svm-temp\/artiklar\/spanien-just-nu-sakerhetstank\/\">Spanien just nu &#8211; s\u00e4kerhetst\u00e4nk<\/a><\/blockquote><iframe sandbox=\"allow-scripts\" security=\"restricted\" src=\"https:\/\/lightweb.dev\/l\/svm-temp\/artiklar\/spanien-just-nu-sakerhetstank\/embed\/#?secret=unFVA6hqUK\" width=\"600\" height=\"338\" title=\"\u201dSpanien just nu &#8211; s\u00e4kerhetst\u00e4nk\u201d &ndash; Svenska Magasinet\" data-secret=\"unFVA6hqUK\" frameborder=\"0\" marginwidth=\"0\" marginheight=\"0\" scrolling=\"no\" class=\"wp-embedded-content\"><\/iframe><script type=\"text\/javascript\">\n\/* <![CDATA[ *\/\n\/*! This file is auto-generated *\/\n!function(d,l){\"use strict\";l.querySelector&&d.addEventListener&&\"undefined\"!=typeof URL&&(d.wp=d.wp||{},d.wp.receiveEmbedMessage||(d.wp.receiveEmbedMessage=function(e){var t=e.data;if((t||t.secret||t.message||t.value)&&!\/[^a-zA-Z0-9]\/.test(t.secret)){for(var s,r,n,a=l.querySelectorAll('iframe[data-secret=\"'+t.secret+'\"]'),o=l.querySelectorAll('blockquote[data-secret=\"'+t.secret+'\"]'),c=new RegExp(\"^https?:$\",\"i\"),i=0;i<o.length;i++)o[i].style.display=\"none\";for(i=0;i<a.length;i++)s=a[i],e.source===s.contentWindow&&(s.removeAttribute(\"style\"),\"height\"===t.message?(1e3<(r=parseInt(t.value,10))?r=1e3:~~r<200&&(r=200),s.height=r):\"link\"===t.message&&(r=new URL(s.getAttribute(\"src\")),n=new URL(t.value),c.test(n.protocol))&&n.host===r.host&&l.activeElement===s&&(d.top.location.href=t.value))}},d.addEventListener(\"message\",d.wp.receiveEmbedMessage,!1),l.addEventListener(\"DOMContentLoaded\",function(){for(var e,t,s=l.querySelectorAll(\"iframe.wp-embedded-content\"),r=0;r<s.length;r++)(t=(e=s[r]).getAttribute(\"data-secret\"))||(t=Math.random().toString(36).substring(2,12),e.src+=\"#?secret=\"+t,e.setAttribute(\"data-secret\",t)),e.contentWindow.postMessage({message:\"ready\",secret:t},\"*\")},!1)))}(window,document);\n\/* ]]> *\/\n<\/script>\n","thumbnail_url":"https:\/\/lightweb.dev\/l\/svm-temp\/wp-content\/uploads\/2022\/04\/spanien-just-nu-skerhetstnk.png","thumbnail_width":280,"thumbnail_height":419,"description":"Samtidigt som attentatet i Paris mot v\u00e4nstertidningen Charlie Hebdo utf\u00f6rde islamistmilisen Boko Haram flera attentat och det talades om tusentals d\u00f6da. Det var inte sv\u00e5rt att se vilka som fick uppm\u00e4rksamheten. N\u00e5gra minnesstunder, vackra och k\u00e4nslosamma tal efter att tusentals m\u00e4nniskor varav flera barn hade avr\u00e4ttats i Nigeria fick vi inte h\u00f6ra. I st\u00e4llet fick [&hellip;]"}