{"version":"1.0","provider_name":"Svenska Magasinet","provider_url":"https:\/\/lightweb.dev\/l\/svm-temp","author_name":"Redaktionen SvM","author_url":"https:\/\/lightweb.dev\/l\/svm-temp\/reporter\/redaktionen\/","title":"Spanien just nu \u2013 Solkustens gr\u00e5 pantrar","type":"rich","width":600,"height":338,"html":"<blockquote class=\"wp-embedded-content\" data-secret=\"d6ev4lwqW3\"><a href=\"https:\/\/lightweb.dev\/l\/svm-temp\/artiklar\/spanien-just-nu-solkustens-gra-pantrar\/\">Spanien just nu \u2013 Solkustens gr\u00e5 pantrar<\/a><\/blockquote><iframe sandbox=\"allow-scripts\" security=\"restricted\" src=\"https:\/\/lightweb.dev\/l\/svm-temp\/artiklar\/spanien-just-nu-solkustens-gra-pantrar\/embed\/#?secret=d6ev4lwqW3\" width=\"600\" height=\"338\" title=\"\u201dSpanien just nu \u2013 Solkustens gr\u00e5 pantrar\u201d &ndash; Svenska Magasinet\" data-secret=\"d6ev4lwqW3\" frameborder=\"0\" marginwidth=\"0\" marginheight=\"0\" scrolling=\"no\" class=\"wp-embedded-content\"><\/iframe><script type=\"text\/javascript\">\n\/* <![CDATA[ *\/\n\/*! This file is auto-generated *\/\n!function(d,l){\"use strict\";l.querySelector&&d.addEventListener&&\"undefined\"!=typeof URL&&(d.wp=d.wp||{},d.wp.receiveEmbedMessage||(d.wp.receiveEmbedMessage=function(e){var t=e.data;if((t||t.secret||t.message||t.value)&&!\/[^a-zA-Z0-9]\/.test(t.secret)){for(var s,r,n,a=l.querySelectorAll('iframe[data-secret=\"'+t.secret+'\"]'),o=l.querySelectorAll('blockquote[data-secret=\"'+t.secret+'\"]'),c=new RegExp(\"^https?:$\",\"i\"),i=0;i<o.length;i++)o[i].style.display=\"none\";for(i=0;i<a.length;i++)s=a[i],e.source===s.contentWindow&&(s.removeAttribute(\"style\"),\"height\"===t.message?(1e3<(r=parseInt(t.value,10))?r=1e3:~~r<200&&(r=200),s.height=r):\"link\"===t.message&&(r=new URL(s.getAttribute(\"src\")),n=new URL(t.value),c.test(n.protocol))&&n.host===r.host&&l.activeElement===s&&(d.top.location.href=t.value))}},d.addEventListener(\"message\",d.wp.receiveEmbedMessage,!1),l.addEventListener(\"DOMContentLoaded\",function(){for(var e,t,s=l.querySelectorAll(\"iframe.wp-embedded-content\"),r=0;r<s.length;r++)(t=(e=s[r]).getAttribute(\"data-secret\"))||(t=Math.random().toString(36).substring(2,12),e.src+=\"#?secret=\"+t,e.setAttribute(\"data-secret\",t)),e.contentWindow.postMessage({message:\"ready\",secret:t},\"*\")},!1)))}(window,document);\n\/* ]]> *\/\n<\/script>\n","thumbnail_url":"https:\/\/lightweb.dev\/l\/svm-temp\/wp-content\/uploads\/2022\/04\/spanien-just-nu-solkustens-gr-pantrar.png","thumbnail_width":280,"thumbnail_height":419,"description":"Livet \u00e4r riktigt kul, s\u00e4ger n\u00e5gra \u00e4ldre svenskar p\u00e5 Solkusten. Att f\u00e5 bo i Europas b\u00e4sta klimat ger n\u00e5gra extra levnads\u00e5r \u00e4r de flesta \u00f6verrens om Av Ola Josefsson Provinsens gr\u00e5 pantrar blir allt fler. Fr\u00e5n \u00e5r 2000 till 2010 \u00f6kade befolkningen \u00f6ver 65 \u00e5r med 33 procent till 240.953 personer. Ungdomarna d\u00e4remot \u00f6kade inte [&hellip;]"}