{"version":"1.0","provider_name":"Svenska Magasinet","provider_url":"https:\/\/lightweb.dev\/l\/svm-temp","author_name":"Redaktionen SvM","author_url":"https:\/\/lightweb.dev\/l\/svm-temp\/reporter\/redaktionen\/","title":"Spanien \u2013 just nu \u2013 v\u00e4nsterregeringar p\u00e5 fall","type":"rich","width":600,"height":338,"html":"<blockquote class=\"wp-embedded-content\" data-secret=\"UP9OzrD4qs\"><a href=\"https:\/\/lightweb.dev\/l\/svm-temp\/artiklar\/spanien-just-nu-vansterregeringar-pa-fall\/\">Spanien \u2013 just nu \u2013 v\u00e4nsterregeringar p\u00e5 fall<\/a><\/blockquote><iframe sandbox=\"allow-scripts\" security=\"restricted\" src=\"https:\/\/lightweb.dev\/l\/svm-temp\/artiklar\/spanien-just-nu-vansterregeringar-pa-fall\/embed\/#?secret=UP9OzrD4qs\" width=\"600\" height=\"338\" title=\"\u201dSpanien \u2013 just nu \u2013 v\u00e4nsterregeringar p\u00e5 fall\u201d &ndash; Svenska Magasinet\" data-secret=\"UP9OzrD4qs\" frameborder=\"0\" marginwidth=\"0\" marginheight=\"0\" scrolling=\"no\" class=\"wp-embedded-content\"><\/iframe><script type=\"text\/javascript\">\n\/* <![CDATA[ *\/\n\/*! This file is auto-generated *\/\n!function(d,l){\"use strict\";l.querySelector&&d.addEventListener&&\"undefined\"!=typeof URL&&(d.wp=d.wp||{},d.wp.receiveEmbedMessage||(d.wp.receiveEmbedMessage=function(e){var t=e.data;if((t||t.secret||t.message||t.value)&&!\/[^a-zA-Z0-9]\/.test(t.secret)){for(var s,r,n,a=l.querySelectorAll('iframe[data-secret=\"'+t.secret+'\"]'),o=l.querySelectorAll('blockquote[data-secret=\"'+t.secret+'\"]'),c=new RegExp(\"^https?:$\",\"i\"),i=0;i<o.length;i++)o[i].style.display=\"none\";for(i=0;i<a.length;i++)s=a[i],e.source===s.contentWindow&&(s.removeAttribute(\"style\"),\"height\"===t.message?(1e3<(r=parseInt(t.value,10))?r=1e3:~~r<200&&(r=200),s.height=r):\"link\"===t.message&&(r=new URL(s.getAttribute(\"src\")),n=new URL(t.value),c.test(n.protocol))&&n.host===r.host&&l.activeElement===s&&(d.top.location.href=t.value))}},d.addEventListener(\"message\",d.wp.receiveEmbedMessage,!1),l.addEventListener(\"DOMContentLoaded\",function(){for(var e,t,s=l.querySelectorAll(\"iframe.wp-embedded-content\"),r=0;r<s.length;r++)(t=(e=s[r]).getAttribute(\"data-secret\"))||(t=Math.random().toString(36).substring(2,12),e.src+=\"#?secret=\"+t,e.setAttribute(\"data-secret\",t)),e.contentWindow.postMessage({message:\"ready\",secret:t},\"*\")},!1)))}(window,document);\n\/* ]]> *\/\n<\/script>\n","thumbnail_url":"https:\/\/lightweb.dev\/l\/svm-temp\/wp-content\/uploads\/2022\/04\/spanien-just-nu-vnsterregeringar-p-fall.png","thumbnail_width":357,"thumbnail_height":200,"description":"Den spanska v\u00e4nstern slickar s\u00e5ren efter tidernas st\u00f6rsta valfiasko i Spanien. Det \u00e4r en rej\u00e4lt tilltygad v\u00e4nster. Men inte bara i Spanien utan i \u00f6vriga Europa d\u00e4r de flesta socialdemokratiska regeringar fallit en efter en. Av Ola Josefsson Media p\u00e5 v\u00e4nsterflygeln har sv\u00e5rt att f\u00f6rklara varf\u00f6r det gick som det gick. De l\u00e4gger mer fokus [&hellip;]"}