{"version":"1.0","provider_name":"Svenska Magasinet","provider_url":"https:\/\/lightweb.dev\/l\/svm-temp","author_name":"Redaktionen SvM","author_url":"https:\/\/lightweb.dev\/l\/svm-temp\/reporter\/redaktionen\/","title":"Specsavers rekommenderar - \u00c5rlig syntest f\u00f6r barn!","type":"rich","width":600,"height":338,"html":"<blockquote class=\"wp-embedded-content\" data-secret=\"RMwoh9337H\"><a href=\"https:\/\/lightweb.dev\/l\/svm-temp\/artiklar\/specsavers-rekommenderar-arlig-syntest-for-barn\/\">Specsavers rekommenderar &#8211; \u00c5rlig syntest f\u00f6r barn!<\/a><\/blockquote><iframe sandbox=\"allow-scripts\" security=\"restricted\" src=\"https:\/\/lightweb.dev\/l\/svm-temp\/artiklar\/specsavers-rekommenderar-arlig-syntest-for-barn\/embed\/#?secret=RMwoh9337H\" width=\"600\" height=\"338\" title=\"\u201dSpecsavers rekommenderar &#8211; \u00c5rlig syntest f\u00f6r barn!\u201d &ndash; Svenska Magasinet\" data-secret=\"RMwoh9337H\" frameborder=\"0\" marginwidth=\"0\" marginheight=\"0\" scrolling=\"no\" class=\"wp-embedded-content\"><\/iframe><script type=\"text\/javascript\">\n\/* <![CDATA[ *\/\n\/*! This file is auto-generated *\/\n!function(d,l){\"use strict\";l.querySelector&&d.addEventListener&&\"undefined\"!=typeof URL&&(d.wp=d.wp||{},d.wp.receiveEmbedMessage||(d.wp.receiveEmbedMessage=function(e){var t=e.data;if((t||t.secret||t.message||t.value)&&!\/[^a-zA-Z0-9]\/.test(t.secret)){for(var s,r,n,a=l.querySelectorAll('iframe[data-secret=\"'+t.secret+'\"]'),o=l.querySelectorAll('blockquote[data-secret=\"'+t.secret+'\"]'),c=new RegExp(\"^https?:$\",\"i\"),i=0;i<o.length;i++)o[i].style.display=\"none\";for(i=0;i<a.length;i++)s=a[i],e.source===s.contentWindow&&(s.removeAttribute(\"style\"),\"height\"===t.message?(1e3<(r=parseInt(t.value,10))?r=1e3:~~r<200&&(r=200),s.height=r):\"link\"===t.message&&(r=new URL(s.getAttribute(\"src\")),n=new URL(t.value),c.test(n.protocol))&&n.host===r.host&&l.activeElement===s&&(d.top.location.href=t.value))}},d.addEventListener(\"message\",d.wp.receiveEmbedMessage,!1),l.addEventListener(\"DOMContentLoaded\",function(){for(var e,t,s=l.querySelectorAll(\"iframe.wp-embedded-content\"),r=0;r<s.length;r++)(t=(e=s[r]).getAttribute(\"data-secret\"))||(t=Math.random().toString(36).substring(2,12),e.src+=\"#?secret=\"+t,e.setAttribute(\"data-secret\",t)),e.contentWindow.postMessage({message:\"ready\",secret:t},\"*\")},!1)))}(window,document);\n\/* ]]> *\/\n<\/script>\n","thumbnail_url":"https:\/\/lightweb.dev\/l\/svm-temp\/wp-content\/uploads\/2022\/04\/specsavers-rekommenderar-rlig-syntest-fr-barn.png","thumbnail_width":280,"thumbnail_height":392,"description":"Skolorna har b\u00f6rjat och det \u00e4r viktigt att t\u00e4nka p\u00e5 ert barns synf\u00f6rm\u00e5ga s\u00e5v\u00e4l som l\u00e4seb\u00f6cker, skolkl\u00e4der och annan n\u00f6dv\u00e4ndig utrustning. Unders\u00f6kningar visar att ett av fyra barn har synproblem som inte uppt\u00e4ckts och som kan p\u00e5verka barnets inl\u00e4rningsf\u00f6rm\u00e5ga. Alla optiker rekommenderar en \u00e5rlig syntest f\u00f6r barn fr\u00e5n 3 \u00e5rs \u00e5lder. En unders\u00f6kning som Specsavers [&hellip;]"}