{"version":"1.0","provider_name":"Svenska Magasinet","provider_url":"https:\/\/lightweb.dev\/l\/svm-temp","author_name":"Redaktionen SvM","author_url":"https:\/\/lightweb.dev\/l\/svm-temp\/reporter\/redaktionen\/","title":"STARZ - nu b\u00e5de st\u00f6rre och b\u00e4ttre","type":"rich","width":600,"height":338,"html":"<blockquote class=\"wp-embedded-content\" data-secret=\"nH5h3cxoYS\"><a href=\"https:\/\/lightweb.dev\/l\/svm-temp\/artiklar\/starz-nu-bade-storre-och-battre\/\">STARZ &#8211; nu b\u00e5de st\u00f6rre och b\u00e4ttre<\/a><\/blockquote><iframe sandbox=\"allow-scripts\" security=\"restricted\" src=\"https:\/\/lightweb.dev\/l\/svm-temp\/artiklar\/starz-nu-bade-storre-och-battre\/embed\/#?secret=nH5h3cxoYS\" width=\"600\" height=\"338\" title=\"\u201dSTARZ &#8211; nu b\u00e5de st\u00f6rre och b\u00e4ttre\u201d &ndash; Svenska Magasinet\" data-secret=\"nH5h3cxoYS\" frameborder=\"0\" marginwidth=\"0\" marginheight=\"0\" scrolling=\"no\" class=\"wp-embedded-content\"><\/iframe><script type=\"text\/javascript\">\n\/* <![CDATA[ *\/\n\/*! This file is auto-generated *\/\n!function(d,l){\"use strict\";l.querySelector&&d.addEventListener&&\"undefined\"!=typeof URL&&(d.wp=d.wp||{},d.wp.receiveEmbedMessage||(d.wp.receiveEmbedMessage=function(e){var t=e.data;if((t||t.secret||t.message||t.value)&&!\/[^a-zA-Z0-9]\/.test(t.secret)){for(var s,r,n,a=l.querySelectorAll('iframe[data-secret=\"'+t.secret+'\"]'),o=l.querySelectorAll('blockquote[data-secret=\"'+t.secret+'\"]'),c=new RegExp(\"^https?:$\",\"i\"),i=0;i<o.length;i++)o[i].style.display=\"none\";for(i=0;i<a.length;i++)s=a[i],e.source===s.contentWindow&&(s.removeAttribute(\"style\"),\"height\"===t.message?(1e3<(r=parseInt(t.value,10))?r=1e3:~~r<200&&(r=200),s.height=r):\"link\"===t.message&&(r=new URL(s.getAttribute(\"src\")),n=new URL(t.value),c.test(n.protocol))&&n.host===r.host&&l.activeElement===s&&(d.top.location.href=t.value))}},d.addEventListener(\"message\",d.wp.receiveEmbedMessage,!1),l.addEventListener(\"DOMContentLoaded\",function(){for(var e,t,s=l.querySelectorAll(\"iframe.wp-embedded-content\"),r=0;r<s.length;r++)(t=(e=s[r]).getAttribute(\"data-secret\"))||(t=Math.random().toString(36).substring(2,12),e.src+=\"#?secret=\"+t,e.setAttribute(\"data-secret\",t)),e.contentWindow.postMessage({message:\"ready\",secret:t},\"*\")},!1)))}(window,document);\n\/* ]]> *\/\n<\/script>\n","thumbnail_url":"https:\/\/lightweb.dev\/l\/svm-temp\/wp-content\/uploads\/2022\/04\/starz-nu-bde-strre-och-bttre.png","thumbnail_width":280,"thumbnail_height":210,"description":"Alla ni som n\u00e5gon g\u00e5ng varit till Centro Plaza kan inte ha missat STARZ, st\u00e4llet med den b\u00e4sta frukosten, det b\u00e4sta kaffet och h\u00e4rligt fr\u00e4scha luncher. Nu har STARZ flyttat 50 m n\u00e4rmare havet, till st\u00f6rre lokaler med b\u00e4ttre utsikt. Hans M\u00f6ller och hans team forts\u00e4tter att servera utm\u00e4rkt mat och dryck p\u00e5 den nya [&hellip;]"}