{"version":"1.0","provider_name":"Svenska Magasinet","provider_url":"https:\/\/lightweb.dev\/l\/svm-temp","author_name":"Redaktionen SvM","author_url":"https:\/\/lightweb.dev\/l\/svm-temp\/reporter\/redaktionen\/","title":"Svenska kyrkan i Fuengirola forts\u00e4tter 2012","type":"rich","width":600,"height":338,"html":"<blockquote class=\"wp-embedded-content\" data-secret=\"MEKAVQ2wow\"><a href=\"https:\/\/lightweb.dev\/l\/svm-temp\/artiklar\/svenska-kyrkan-i-fuengirola-fortsatter-2012\/\">Svenska kyrkan i Fuengirola forts\u00e4tter 2012<\/a><\/blockquote><iframe sandbox=\"allow-scripts\" security=\"restricted\" src=\"https:\/\/lightweb.dev\/l\/svm-temp\/artiklar\/svenska-kyrkan-i-fuengirola-fortsatter-2012\/embed\/#?secret=MEKAVQ2wow\" width=\"600\" height=\"338\" title=\"\u201dSvenska kyrkan i Fuengirola forts\u00e4tter 2012\u201d &ndash; Svenska Magasinet\" data-secret=\"MEKAVQ2wow\" frameborder=\"0\" marginwidth=\"0\" marginheight=\"0\" scrolling=\"no\" class=\"wp-embedded-content\"><\/iframe><script type=\"text\/javascript\">\n\/* <![CDATA[ *\/\n\/*! This file is auto-generated *\/\n!function(d,l){\"use strict\";l.querySelector&&d.addEventListener&&\"undefined\"!=typeof URL&&(d.wp=d.wp||{},d.wp.receiveEmbedMessage||(d.wp.receiveEmbedMessage=function(e){var t=e.data;if((t||t.secret||t.message||t.value)&&!\/[^a-zA-Z0-9]\/.test(t.secret)){for(var s,r,n,a=l.querySelectorAll('iframe[data-secret=\"'+t.secret+'\"]'),o=l.querySelectorAll('blockquote[data-secret=\"'+t.secret+'\"]'),c=new RegExp(\"^https?:$\",\"i\"),i=0;i<o.length;i++)o[i].style.display=\"none\";for(i=0;i<a.length;i++)s=a[i],e.source===s.contentWindow&&(s.removeAttribute(\"style\"),\"height\"===t.message?(1e3<(r=parseInt(t.value,10))?r=1e3:~~r<200&&(r=200),s.height=r):\"link\"===t.message&&(r=new URL(s.getAttribute(\"src\")),n=new URL(t.value),c.test(n.protocol))&&n.host===r.host&&l.activeElement===s&&(d.top.location.href=t.value))}},d.addEventListener(\"message\",d.wp.receiveEmbedMessage,!1),l.addEventListener(\"DOMContentLoaded\",function(){for(var e,t,s=l.querySelectorAll(\"iframe.wp-embedded-content\"),r=0;r<s.length;r++)(t=(e=s[r]).getAttribute(\"data-secret\"))||(t=Math.random().toString(36).substring(2,12),e.src+=\"#?secret=\"+t,e.setAttribute(\"data-secret\",t)),e.contentWindow.postMessage({message:\"ready\",secret:t},\"*\")},!1)))}(window,document);\n\/* ]]> *\/\n<\/script>\n","thumbnail_url":"https:\/\/lightweb.dev\/l\/svm-temp\/wp-content\/uploads\/2022\/04\/svenska-kyrkan-i-fuengirola-fortstter-2012.png","thumbnail_width":280,"thumbnail_height":210,"description":"Vid en extra kyrkost\u00e4mma den 31 oktober togs beslutet att \u201dIglesisa Sueca de la Costa del Sol\u201d forts\u00e4tter sin verksamhet \u00e4ven under n\u00e4sta \u00e5r 2012. Av Ola Josefsson Det blir Svenska kyrkof\u00f6reningen p\u00e5 Costa del Sol som f\u00e5r det \u00f6vergripande ansvaret kring ekonomin medan kyrkoherden i Torrevieja har det pastorala ansvaret vilket \u00e4ven kan komma [&hellip;]"}