{"version":"1.0","provider_name":"Svenska Magasinet","provider_url":"https:\/\/lightweb.dev\/l\/svm-temp","author_name":"Redaktionen SvM","author_url":"https:\/\/lightweb.dev\/l\/svm-temp\/reporter\/redaktionen\/","title":"Ut\u00f6kat utbud hos Hair Gallery","type":"rich","width":600,"height":338,"html":"<blockquote class=\"wp-embedded-content\" data-secret=\"C5PVtmVnLn\"><a href=\"https:\/\/lightweb.dev\/l\/svm-temp\/artiklar\/utokat-utbud-hos-hair-gallery\/\">Ut\u00f6kat utbud hos Hair Gallery<\/a><\/blockquote><iframe sandbox=\"allow-scripts\" security=\"restricted\" src=\"https:\/\/lightweb.dev\/l\/svm-temp\/artiklar\/utokat-utbud-hos-hair-gallery\/embed\/#?secret=C5PVtmVnLn\" width=\"600\" height=\"338\" title=\"\u201dUt\u00f6kat utbud hos Hair Gallery\u201d &ndash; Svenska Magasinet\" data-secret=\"C5PVtmVnLn\" frameborder=\"0\" marginwidth=\"0\" marginheight=\"0\" scrolling=\"no\" class=\"wp-embedded-content\"><\/iframe><script type=\"text\/javascript\">\n\/* <![CDATA[ *\/\n\/*! This file is auto-generated *\/\n!function(d,l){\"use strict\";l.querySelector&&d.addEventListener&&\"undefined\"!=typeof URL&&(d.wp=d.wp||{},d.wp.receiveEmbedMessage||(d.wp.receiveEmbedMessage=function(e){var t=e.data;if((t||t.secret||t.message||t.value)&&!\/[^a-zA-Z0-9]\/.test(t.secret)){for(var s,r,n,a=l.querySelectorAll('iframe[data-secret=\"'+t.secret+'\"]'),o=l.querySelectorAll('blockquote[data-secret=\"'+t.secret+'\"]'),c=new RegExp(\"^https?:$\",\"i\"),i=0;i<o.length;i++)o[i].style.display=\"none\";for(i=0;i<a.length;i++)s=a[i],e.source===s.contentWindow&&(s.removeAttribute(\"style\"),\"height\"===t.message?(1e3<(r=parseInt(t.value,10))?r=1e3:~~r<200&&(r=200),s.height=r):\"link\"===t.message&&(r=new URL(s.getAttribute(\"src\")),n=new URL(t.value),c.test(n.protocol))&&n.host===r.host&&l.activeElement===s&&(d.top.location.href=t.value))}},d.addEventListener(\"message\",d.wp.receiveEmbedMessage,!1),l.addEventListener(\"DOMContentLoaded\",function(){for(var e,t,s=l.querySelectorAll(\"iframe.wp-embedded-content\"),r=0;r<s.length;r++)(t=(e=s[r]).getAttribute(\"data-secret\"))||(t=Math.random().toString(36).substring(2,12),e.src+=\"#?secret=\"+t,e.setAttribute(\"data-secret\",t)),e.contentWindow.postMessage({message:\"ready\",secret:t},\"*\")},!1)))}(window,document);\n\/* ]]> *\/\n<\/script>\n","description":"Ann-Katrin och Amador p\u00e5 Hair Gallery har n\u00e4ra 30 \u00e5r bakom sig som fris\u00f6rer i Las Rampas, centrala Fuengirola. Deras salong var den f\u00f6rsta svenska fris\u00f6rsalongen p\u00e5 Costa del Sol. Nu h\u00e4lsar de tv\u00e5 nya medarbetare v\u00e4lkomna, Katarina och Magdolna. Katarina, Katta Andersson fr\u00e5n \u00d6land tog chansen att flytta tillbaka till Spanien i h\u00f6stas n\u00e4r [&hellip;]"}