{"version":"1.0","provider_name":"Svenska Magasinet","provider_url":"https:\/\/lightweb.dev\/l\/svm-temp","author_name":"Redaktionen SvM","author_url":"https:\/\/lightweb.dev\/l\/svm-temp\/reporter\/redaktionen\/","title":"V\u00e4lk\u00e4nd salong f\u00f6r h\u00e5r och sk\u00f6nhet","type":"rich","width":600,"height":338,"html":"<blockquote class=\"wp-embedded-content\" data-secret=\"Zq7Ry9W2by\"><a href=\"https:\/\/lightweb.dev\/l\/svm-temp\/artiklar\/valkand-salong-for-har-och-skonhet\/\">V\u00e4lk\u00e4nd salong f\u00f6r h\u00e5r och sk\u00f6nhet<\/a><\/blockquote><iframe sandbox=\"allow-scripts\" security=\"restricted\" src=\"https:\/\/lightweb.dev\/l\/svm-temp\/artiklar\/valkand-salong-for-har-och-skonhet\/embed\/#?secret=Zq7Ry9W2by\" width=\"600\" height=\"338\" title=\"\u201dV\u00e4lk\u00e4nd salong f\u00f6r h\u00e5r och sk\u00f6nhet\u201d &ndash; Svenska Magasinet\" data-secret=\"Zq7Ry9W2by\" frameborder=\"0\" marginwidth=\"0\" marginheight=\"0\" scrolling=\"no\" class=\"wp-embedded-content\"><\/iframe><script type=\"text\/javascript\">\n\/* <![CDATA[ *\/\n\/*! This file is auto-generated *\/\n!function(d,l){\"use strict\";l.querySelector&&d.addEventListener&&\"undefined\"!=typeof URL&&(d.wp=d.wp||{},d.wp.receiveEmbedMessage||(d.wp.receiveEmbedMessage=function(e){var t=e.data;if((t||t.secret||t.message||t.value)&&!\/[^a-zA-Z0-9]\/.test(t.secret)){for(var s,r,n,a=l.querySelectorAll('iframe[data-secret=\"'+t.secret+'\"]'),o=l.querySelectorAll('blockquote[data-secret=\"'+t.secret+'\"]'),c=new RegExp(\"^https?:$\",\"i\"),i=0;i<o.length;i++)o[i].style.display=\"none\";for(i=0;i<a.length;i++)s=a[i],e.source===s.contentWindow&&(s.removeAttribute(\"style\"),\"height\"===t.message?(1e3<(r=parseInt(t.value,10))?r=1e3:~~r<200&&(r=200),s.height=r):\"link\"===t.message&&(r=new URL(s.getAttribute(\"src\")),n=new URL(t.value),c.test(n.protocol))&&n.host===r.host&&l.activeElement===s&&(d.top.location.href=t.value))}},d.addEventListener(\"message\",d.wp.receiveEmbedMessage,!1),l.addEventListener(\"DOMContentLoaded\",function(){for(var e,t,s=l.querySelectorAll(\"iframe.wp-embedded-content\"),r=0;r<s.length;r++)(t=(e=s[r]).getAttribute(\"data-secret\"))||(t=Math.random().toString(36).substring(2,12),e.src+=\"#?secret=\"+t,e.setAttribute(\"data-secret\",t)),e.contentWindow.postMessage({message:\"ready\",secret:t},\"*\")},!1)))}(window,document);\n\/* ]]> *\/\n<\/script>\n","thumbnail_url":"https:\/\/lightweb.dev\/l\/svm-temp\/wp-content\/uploads\/2022\/04\/vlknd-salong-fr-hr-och-sknhet.png","thumbnail_width":280,"thumbnail_height":418,"description":"Kim Gottlieb \u00e4r ett v\u00e4lk\u00e4nt namn i Fuengirola, han b\u00f6rjade som fris\u00f6r redan 1982. I den nya salongen p\u00e5 Avenida Jes\u00fas Santos Rein, mitt emot turistbyr\u00e5n, har det h\u00e4nt mycket sedan \u00f6ppningen i fjol. Det full fart hela dagarna med tre fris\u00f6rer, sk\u00f6nhetsspecialister och en mass\u00f6r. F\u00f6rutom Kim sj\u00e4lv, arbetar h\u00e4r hans dotter Sofie, som [&hellip;]"}