{"version":"1.0","provider_name":"Svenska Magasinet","provider_url":"https:\/\/lightweb.dev\/l\/svm-temp","author_name":"Redaktionen SvM","author_url":"https:\/\/lightweb.dev\/l\/svm-temp\/reporter\/redaktionen\/","title":"6.869 kriminella utl\u00e4nningar utvisades ifjol","type":"rich","width":600,"height":338,"html":"<blockquote class=\"wp-embedded-content\" data-secret=\"i5qj4QhZvg\"><a href=\"https:\/\/lightweb.dev\/l\/svm-temp\/nyheter\/6-869-kriminella-utlanningar-utvisades-ifjol\/\">6.869 kriminella utl\u00e4nningar utvisades ifjol<\/a><\/blockquote><iframe sandbox=\"allow-scripts\" security=\"restricted\" src=\"https:\/\/lightweb.dev\/l\/svm-temp\/nyheter\/6-869-kriminella-utlanningar-utvisades-ifjol\/embed\/#?secret=i5qj4QhZvg\" width=\"600\" height=\"338\" title=\"\u201d6.869 kriminella utl\u00e4nningar utvisades ifjol\u201d &ndash; Svenska Magasinet\" data-secret=\"i5qj4QhZvg\" frameborder=\"0\" marginwidth=\"0\" marginheight=\"0\" scrolling=\"no\" class=\"wp-embedded-content\"><\/iframe><script type=\"text\/javascript\">\n\/* <![CDATA[ *\/\n\/*! This file is auto-generated *\/\n!function(d,l){\"use strict\";l.querySelector&&d.addEventListener&&\"undefined\"!=typeof URL&&(d.wp=d.wp||{},d.wp.receiveEmbedMessage||(d.wp.receiveEmbedMessage=function(e){var t=e.data;if((t||t.secret||t.message||t.value)&&!\/[^a-zA-Z0-9]\/.test(t.secret)){for(var s,r,n,a=l.querySelectorAll('iframe[data-secret=\"'+t.secret+'\"]'),o=l.querySelectorAll('blockquote[data-secret=\"'+t.secret+'\"]'),c=new RegExp(\"^https?:$\",\"i\"),i=0;i<o.length;i++)o[i].style.display=\"none\";for(i=0;i<a.length;i++)s=a[i],e.source===s.contentWindow&&(s.removeAttribute(\"style\"),\"height\"===t.message?(1e3<(r=parseInt(t.value,10))?r=1e3:~~r<200&&(r=200),s.height=r):\"link\"===t.message&&(r=new URL(s.getAttribute(\"src\")),n=new URL(t.value),c.test(n.protocol))&&n.host===r.host&&l.activeElement===s&&(d.top.location.href=t.value))}},d.addEventListener(\"message\",d.wp.receiveEmbedMessage,!1),l.addEventListener(\"DOMContentLoaded\",function(){for(var e,t,s=l.querySelectorAll(\"iframe.wp-embedded-content\"),r=0;r<s.length;r++)(t=(e=s[r]).getAttribute(\"data-secret\"))||(t=Math.random().toString(36).substring(2,12),e.src+=\"#?secret=\"+t,e.setAttribute(\"data-secret\",t)),e.contentWindow.postMessage({message:\"ready\",secret:t},\"*\")},!1)))}(window,document);\n\/* ]]> *\/\n<\/script>\n","thumbnail_url":"https:\/\/lightweb.dev\/l\/svm-temp\/wp-content\/uploads\/2022\/06\/6869-kriminella-utlanningar-utvisades-ifjol.png","thumbnail_width":355,"thumbnail_height":200,"description":"Spanien har efter domstolsbeslut de senaste tre \u00e5ren utvisat 34 utl\u00e4nningar med kopplingar till terrorverksamhet. Samtliga har betraktats som \u201dett hot mot den allm\u00e4nna s\u00e4kerheten\u201d. Det r\u00f6r personer d\u00e4r flera inte har d\u00f6mts till f\u00e4ngelse men har betraktats som en s\u00e4kerhetsrisk. Det skriver den spanska dagstidningen ABC p\u00e5 m\u00e5ndagen. Spanien skiljer sig j\u00e4mf\u00f6rt med flera [&hellip;]"}