{"version":"1.0","provider_name":"Svenska Magasinet","provider_url":"https:\/\/lightweb.dev\/l\/svm-temp","author_name":"Redaktionen SvM","author_url":"https:\/\/lightweb.dev\/l\/svm-temp\/reporter\/redaktionen\/","title":"7 januari kan Spanien f\u00e5 v\u00e4nsterregering","type":"rich","width":600,"height":338,"html":"<blockquote class=\"wp-embedded-content\" data-secret=\"sm8tNPecBI\"><a href=\"https:\/\/lightweb.dev\/l\/svm-temp\/nyheter\/7-januari-kan-spanien-fa-vansterregering\/\">7 januari kan Spanien f\u00e5 v\u00e4nsterregering<\/a><\/blockquote><iframe sandbox=\"allow-scripts\" security=\"restricted\" src=\"https:\/\/lightweb.dev\/l\/svm-temp\/nyheter\/7-januari-kan-spanien-fa-vansterregering\/embed\/#?secret=sm8tNPecBI\" width=\"600\" height=\"338\" title=\"\u201d7 januari kan Spanien f\u00e5 v\u00e4nsterregering\u201d &ndash; Svenska Magasinet\" data-secret=\"sm8tNPecBI\" frameborder=\"0\" marginwidth=\"0\" marginheight=\"0\" scrolling=\"no\" class=\"wp-embedded-content\"><\/iframe><script type=\"text\/javascript\">\n\/* <![CDATA[ *\/\n\/*! This file is auto-generated *\/\n!function(d,l){\"use strict\";l.querySelector&&d.addEventListener&&\"undefined\"!=typeof URL&&(d.wp=d.wp||{},d.wp.receiveEmbedMessage||(d.wp.receiveEmbedMessage=function(e){var t=e.data;if((t||t.secret||t.message||t.value)&&!\/[^a-zA-Z0-9]\/.test(t.secret)){for(var s,r,n,a=l.querySelectorAll('iframe[data-secret=\"'+t.secret+'\"]'),o=l.querySelectorAll('blockquote[data-secret=\"'+t.secret+'\"]'),c=new RegExp(\"^https?:$\",\"i\"),i=0;i<o.length;i++)o[i].style.display=\"none\";for(i=0;i<a.length;i++)s=a[i],e.source===s.contentWindow&&(s.removeAttribute(\"style\"),\"height\"===t.message?(1e3<(r=parseInt(t.value,10))?r=1e3:~~r<200&&(r=200),s.height=r):\"link\"===t.message&&(r=new URL(s.getAttribute(\"src\")),n=new URL(t.value),c.test(n.protocol))&&n.host===r.host&&l.activeElement===s&&(d.top.location.href=t.value))}},d.addEventListener(\"message\",d.wp.receiveEmbedMessage,!1),l.addEventListener(\"DOMContentLoaded\",function(){for(var e,t,s=l.querySelectorAll(\"iframe.wp-embedded-content\"),r=0;r<s.length;r++)(t=(e=s[r]).getAttribute(\"data-secret\"))||(t=Math.random().toString(36).substring(2,12),e.src+=\"#?secret=\"+t,e.setAttribute(\"data-secret\",t)),e.contentWindow.postMessage({message:\"ready\",secret:t},\"*\")},!1)))}(window,document);\n\/* ]]> *\/\n<\/script>\n","thumbnail_url":"https:\/\/lightweb.dev\/l\/svm-temp\/wp-content\/uploads\/2022\/06\/7-januari-kan-spanien-fa-vansterregering.png","thumbnail_width":700,"thumbnail_height":421,"description":"Den 7 januari pekas ut som den dag n\u00e4r en slutgiltig omr\u00f6stning i parlamentet kommer att ske och v\u00e4nsteralliansen PSOE och Unidas Podemos kan sv\u00e4ras in. Men de beh\u00f6ver hj\u00e4lp av katalanska separatister hos det republikanska partiet ERC (Esquerra Republicana de Catalunya). P\u00e5 m\u00e5ndagen h\u00f6ll Pedro S\u00e1nchez och Pablo Iglesias presskonferens (bilden). De b\u00e5da partiledarna [&hellip;]"}