{"version":"1.0","provider_name":"Svenska Magasinet","provider_url":"https:\/\/lightweb.dev\/l\/svm-temp","author_name":"Redaktionen SvM","author_url":"https:\/\/lightweb.dev\/l\/svm-temp\/reporter\/redaktionen\/","title":"Allsvenska fotbollslag tr\u00e4ningsspelar i Marbella","type":"rich","width":600,"height":338,"html":"<blockquote class=\"wp-embedded-content\" data-secret=\"318uiW3NXN\"><a href=\"https:\/\/lightweb.dev\/l\/svm-temp\/nyheter\/allsvenska-fotbollslag-traningsspelar-i-marbella\/\">Allsvenska fotbollslag tr\u00e4ningsspelar i Marbella<\/a><\/blockquote><iframe sandbox=\"allow-scripts\" security=\"restricted\" src=\"https:\/\/lightweb.dev\/l\/svm-temp\/nyheter\/allsvenska-fotbollslag-traningsspelar-i-marbella\/embed\/#?secret=318uiW3NXN\" width=\"600\" height=\"338\" title=\"\u201dAllsvenska fotbollslag tr\u00e4ningsspelar i Marbella\u201d &ndash; Svenska Magasinet\" data-secret=\"318uiW3NXN\" frameborder=\"0\" marginwidth=\"0\" marginheight=\"0\" scrolling=\"no\" class=\"wp-embedded-content\"><\/iframe><script type=\"text\/javascript\">\n\/* <![CDATA[ *\/\n\/*! This file is auto-generated *\/\n!function(d,l){\"use strict\";l.querySelector&&d.addEventListener&&\"undefined\"!=typeof URL&&(d.wp=d.wp||{},d.wp.receiveEmbedMessage||(d.wp.receiveEmbedMessage=function(e){var t=e.data;if((t||t.secret||t.message||t.value)&&!\/[^a-zA-Z0-9]\/.test(t.secret)){for(var s,r,n,a=l.querySelectorAll('iframe[data-secret=\"'+t.secret+'\"]'),o=l.querySelectorAll('blockquote[data-secret=\"'+t.secret+'\"]'),c=new RegExp(\"^https?:$\",\"i\"),i=0;i<o.length;i++)o[i].style.display=\"none\";for(i=0;i<a.length;i++)s=a[i],e.source===s.contentWindow&&(s.removeAttribute(\"style\"),\"height\"===t.message?(1e3<(r=parseInt(t.value,10))?r=1e3:~~r<200&&(r=200),s.height=r):\"link\"===t.message&&(r=new URL(s.getAttribute(\"src\")),n=new URL(t.value),c.test(n.protocol))&&n.host===r.host&&l.activeElement===s&&(d.top.location.href=t.value))}},d.addEventListener(\"message\",d.wp.receiveEmbedMessage,!1),l.addEventListener(\"DOMContentLoaded\",function(){for(var e,t,s=l.querySelectorAll(\"iframe.wp-embedded-content\"),r=0;r<s.length;r++)(t=(e=s[r]).getAttribute(\"data-secret\"))||(t=Math.random().toString(36).substring(2,12),e.src+=\"#?secret=\"+t,e.setAttribute(\"data-secret\",t)),e.contentWindow.postMessage({message:\"ready\",secret:t},\"*\")},!1)))}(window,document);\n\/* ]]> *\/\n<\/script>\n","thumbnail_url":"https:\/\/lightweb.dev\/l\/svm-temp\/wp-content\/uploads\/2022\/06\/allsvenska-fotbollslag-traningsspelar-i-marbella.png","thumbnail_width":427,"thumbnail_height":200,"description":"Allsvenskan \u00e4r slutspelad och Malm\u00f6 FF blev svenska m\u00e4stare. Flera av de allsvenska klubbarna v\u00e4ljer Spanien och Solkusten n\u00e4r det g\u00e4ller kommande tr\u00e4ningsl\u00e4ger inf\u00f6r s\u00e4songen 2014. Fjol\u00e5rsm\u00e4starna Elfsborg drar ig\u00e5ng tr\u00e4ningen den 13 januari och mellan den 1 till 11 februari har Bor\u00e5s-laget tr\u00e4ningsl\u00e4ger i Marbella. Tre matcher \u00e4r inbokade under l\u00e4gret. IFK G\u00f6teborg kommer [&hellip;]"}