{"version":"1.0","provider_name":"Svenska Magasinet","provider_url":"https:\/\/lightweb.dev\/l\/svm-temp","author_name":"Redaktionen SvM","author_url":"https:\/\/lightweb.dev\/l\/svm-temp\/reporter\/redaktionen\/","title":"Almu\u00f1\u00e9car inleder kampanj f\u00f6r mantalsskrivning","type":"rich","width":600,"height":338,"html":"<blockquote class=\"wp-embedded-content\" data-secret=\"5zWza3ACNr\"><a href=\"https:\/\/lightweb.dev\/l\/svm-temp\/nyheter\/almunecar-inleder-kampanj-for-mantalsskrivning\/\">Almu\u00f1\u00e9car inleder kampanj f\u00f6r mantalsskrivning<\/a><\/blockquote><iframe sandbox=\"allow-scripts\" security=\"restricted\" src=\"https:\/\/lightweb.dev\/l\/svm-temp\/nyheter\/almunecar-inleder-kampanj-for-mantalsskrivning\/embed\/#?secret=5zWza3ACNr\" width=\"600\" height=\"338\" title=\"\u201dAlmu\u00f1\u00e9car inleder kampanj f\u00f6r mantalsskrivning\u201d &ndash; Svenska Magasinet\" data-secret=\"5zWza3ACNr\" frameborder=\"0\" marginwidth=\"0\" marginheight=\"0\" scrolling=\"no\" class=\"wp-embedded-content\"><\/iframe><script type=\"text\/javascript\">\n\/* <![CDATA[ *\/\n\/*! This file is auto-generated *\/\n!function(d,l){\"use strict\";l.querySelector&&d.addEventListener&&\"undefined\"!=typeof URL&&(d.wp=d.wp||{},d.wp.receiveEmbedMessage||(d.wp.receiveEmbedMessage=function(e){var t=e.data;if((t||t.secret||t.message||t.value)&&!\/[^a-zA-Z0-9]\/.test(t.secret)){for(var s,r,n,a=l.querySelectorAll('iframe[data-secret=\"'+t.secret+'\"]'),o=l.querySelectorAll('blockquote[data-secret=\"'+t.secret+'\"]'),c=new RegExp(\"^https?:$\",\"i\"),i=0;i<o.length;i++)o[i].style.display=\"none\";for(i=0;i<a.length;i++)s=a[i],e.source===s.contentWindow&&(s.removeAttribute(\"style\"),\"height\"===t.message?(1e3<(r=parseInt(t.value,10))?r=1e3:~~r<200&&(r=200),s.height=r):\"link\"===t.message&&(r=new URL(s.getAttribute(\"src\")),n=new URL(t.value),c.test(n.protocol))&&n.host===r.host&&l.activeElement===s&&(d.top.location.href=t.value))}},d.addEventListener(\"message\",d.wp.receiveEmbedMessage,!1),l.addEventListener(\"DOMContentLoaded\",function(){for(var e,t,s=l.querySelectorAll(\"iframe.wp-embedded-content\"),r=0;r<s.length;r++)(t=(e=s[r]).getAttribute(\"data-secret\"))||(t=Math.random().toString(36).substring(2,12),e.src+=\"#?secret=\"+t,e.setAttribute(\"data-secret\",t)),e.contentWindow.postMessage({message:\"ready\",secret:t},\"*\")},!1)))}(window,document);\n\/* ]]> *\/\n<\/script>\n","thumbnail_url":"https:\/\/lightweb.dev\/l\/svm-temp\/wp-content\/uploads\/2022\/06\/almuecar-inleder-kampanj-for-mantalsskrivning.png","thumbnail_width":300,"thumbnail_height":200,"description":"1.200 personer som \u00e4r bosatta i Almu\u00f1\u00e9car men som inte har bekr\u00e4ftat fysiskt enligt statistiska centralbyr\u00e5n INE (Instituto Nacional de Estad\u00edstica) var de h\u00f6r hemma hoppas kommunledningen f\u00e5 klarhet i. Genom informationsblad, broschyrer och meddelanden p\u00e5 lokalradion hoppas borgm\u00e4staren Trinidad Herrera f\u00e5 det verkliga antalet mantalsskrivna i kommunen. Trinidad Herrera tillsammans med kommunalr\u00e5det f\u00f6r turism, [&hellip;]"}