{"version":"1.0","provider_name":"Svenska Magasinet","provider_url":"https:\/\/lightweb.dev\/l\/svm-temp","author_name":"Redaktionen SvM","author_url":"https:\/\/lightweb.dev\/l\/svm-temp\/reporter\/redaktionen\/","title":"Almu\u00f1\u00e9car medverkar vi seniorm\u00e4ssa i Stockholm","type":"rich","width":600,"height":338,"html":"<blockquote class=\"wp-embedded-content\" data-secret=\"SHGULrgv7U\"><a href=\"https:\/\/lightweb.dev\/l\/svm-temp\/nyheter\/almunecar-medverkar-vi-seniormassa-i-stockholm\/\">Almu\u00f1\u00e9car medverkar vi seniorm\u00e4ssa i Stockholm<\/a><\/blockquote><iframe sandbox=\"allow-scripts\" security=\"restricted\" src=\"https:\/\/lightweb.dev\/l\/svm-temp\/nyheter\/almunecar-medverkar-vi-seniormassa-i-stockholm\/embed\/#?secret=SHGULrgv7U\" width=\"600\" height=\"338\" title=\"\u201dAlmu\u00f1\u00e9car medverkar vi seniorm\u00e4ssa i Stockholm\u201d &ndash; Svenska Magasinet\" data-secret=\"SHGULrgv7U\" frameborder=\"0\" marginwidth=\"0\" marginheight=\"0\" scrolling=\"no\" class=\"wp-embedded-content\"><\/iframe><script type=\"text\/javascript\">\n\/* <![CDATA[ *\/\n\/*! This file is auto-generated *\/\n!function(d,l){\"use strict\";l.querySelector&&d.addEventListener&&\"undefined\"!=typeof URL&&(d.wp=d.wp||{},d.wp.receiveEmbedMessage||(d.wp.receiveEmbedMessage=function(e){var t=e.data;if((t||t.secret||t.message||t.value)&&!\/[^a-zA-Z0-9]\/.test(t.secret)){for(var s,r,n,a=l.querySelectorAll('iframe[data-secret=\"'+t.secret+'\"]'),o=l.querySelectorAll('blockquote[data-secret=\"'+t.secret+'\"]'),c=new RegExp(\"^https?:$\",\"i\"),i=0;i<o.length;i++)o[i].style.display=\"none\";for(i=0;i<a.length;i++)s=a[i],e.source===s.contentWindow&&(s.removeAttribute(\"style\"),\"height\"===t.message?(1e3<(r=parseInt(t.value,10))?r=1e3:~~r<200&&(r=200),s.height=r):\"link\"===t.message&&(r=new URL(s.getAttribute(\"src\")),n=new URL(t.value),c.test(n.protocol))&&n.host===r.host&&l.activeElement===s&&(d.top.location.href=t.value))}},d.addEventListener(\"message\",d.wp.receiveEmbedMessage,!1),l.addEventListener(\"DOMContentLoaded\",function(){for(var e,t,s=l.querySelectorAll(\"iframe.wp-embedded-content\"),r=0;r<s.length;r++)(t=(e=s[r]).getAttribute(\"data-secret\"))||(t=Math.random().toString(36).substring(2,12),e.src+=\"#?secret=\"+t,e.setAttribute(\"data-secret\",t)),e.contentWindow.postMessage({message:\"ready\",secret:t},\"*\")},!1)))}(window,document);\n\/* ]]> *\/\n<\/script>\n","thumbnail_url":"https:\/\/lightweb.dev\/l\/svm-temp\/wp-content\/uploads\/2022\/06\/almuecar-medverkar-vi-seniormassa-i-stockholm.png","thumbnail_width":280,"thumbnail_height":210,"description":"Hotellen i Almu\u00f1\u00e9car medverkar fr\u00e5n idag och tills p\u00e5 torsdag vid m\u00e4ssan \u201dS\u00e9nior 2013\u201d p\u00e5 Stockholmsm\u00e4ssan i \u00c4lvsj\u00f6. Senior 2013 \u00e4r m\u00f6tesplatsen som f\u00f6renklar vardagen och s\u00e4tter guldkant p\u00e5 tillvaron. Att Almu\u00f1\u00e9car p\u00e5 Costa Tropical \u00f6ster om M\u00e1laga \u00e4r en popul\u00e4r plats f\u00f6r \u00f6vervintrande svenskar har vi ber\u00e4ttat om tidigare i Svenska Magasinet. Vid utst\u00e4llningen [&hellip;]"}