{"version":"1.0","provider_name":"Svenska Magasinet","provider_url":"https:\/\/lightweb.dev\/l\/svm-temp","author_name":"Redaktionen SvM","author_url":"https:\/\/lightweb.dev\/l\/svm-temp\/reporter\/redaktionen\/","title":"Amys bror h\u00f6rd av polisen","type":"rich","width":600,"height":338,"html":"<blockquote class=\"wp-embedded-content\" data-secret=\"9tlfDIsslL\"><a href=\"https:\/\/lightweb.dev\/l\/svm-temp\/nyheter\/amys-bror-hord-av-polisen\/\">Amys bror h\u00f6rd av polisen<\/a><\/blockquote><iframe sandbox=\"allow-scripts\" security=\"restricted\" src=\"https:\/\/lightweb.dev\/l\/svm-temp\/nyheter\/amys-bror-hord-av-polisen\/embed\/#?secret=9tlfDIsslL\" width=\"600\" height=\"338\" title=\"\u201dAmys bror h\u00f6rd av polisen\u201d &ndash; Svenska Magasinet\" data-secret=\"9tlfDIsslL\" frameborder=\"0\" marginwidth=\"0\" marginheight=\"0\" scrolling=\"no\" class=\"wp-embedded-content\"><\/iframe><script type=\"text\/javascript\">\n\/* <![CDATA[ *\/\n\/*! This file is auto-generated *\/\n!function(d,l){\"use strict\";l.querySelector&&d.addEventListener&&\"undefined\"!=typeof URL&&(d.wp=d.wp||{},d.wp.receiveEmbedMessage||(d.wp.receiveEmbedMessage=function(e){var t=e.data;if((t||t.secret||t.message||t.value)&&!\/[^a-zA-Z0-9]\/.test(t.secret)){for(var s,r,n,a=l.querySelectorAll('iframe[data-secret=\"'+t.secret+'\"]'),o=l.querySelectorAll('blockquote[data-secret=\"'+t.secret+'\"]'),c=new RegExp(\"^https?:$\",\"i\"),i=0;i<o.length;i++)o[i].style.display=\"none\";for(i=0;i<a.length;i++)s=a[i],e.source===s.contentWindow&&(s.removeAttribute(\"style\"),\"height\"===t.message?(1e3<(r=parseInt(t.value,10))?r=1e3:~~r<200&&(r=200),s.height=r):\"link\"===t.message&&(r=new URL(s.getAttribute(\"src\")),n=new URL(t.value),c.test(n.protocol))&&n.host===r.host&&l.activeElement===s&&(d.top.location.href=t.value))}},d.addEventListener(\"message\",d.wp.receiveEmbedMessage,!1),l.addEventListener(\"DOMContentLoaded\",function(){for(var e,t,s=l.querySelectorAll(\"iframe.wp-embedded-content\"),r=0;r<s.length;r++)(t=(e=s[r]).getAttribute(\"data-secret\"))||(t=Math.random().toString(36).substring(2,12),e.src+=\"#?secret=\"+t,e.setAttribute(\"data-secret\",t)),e.contentWindow.postMessage({message:\"ready\",secret:t},\"*\")},!1)))}(window,document);\n\/* ]]> *\/\n<\/script>\n","thumbnail_url":"https:\/\/lightweb.dev\/l\/svm-temp\/wp-content\/uploads\/2022\/06\/amys-bror-hord-av-polisen.png","thumbnail_width":303,"thumbnail_height":200,"description":"Guardia Civil h\u00f6r nu personer i den f\u00f6rsvunna irl\u00e4ndska flickan Amy Fitzpatricks n\u00e4rmaste krets. Polisen f\u00f6rs\u00f6ker skapa sig en bild av hennes f\u00f6rehavanden de sista dagarna f\u00f6re f\u00f6rsvinnandet p\u00e5 ny\u00e5rsdagen. Ig\u00e5r h\u00f6rdes hennes bror Dean av polisen och liksom ett antal kamrater. Brodern ville inte uttala sig f\u00f6r massmedia men modern l\u00e4ste upp en kommunik\u00e9 [&hellip;]"}