{"version":"1.0","provider_name":"Svenska Magasinet","provider_url":"https:\/\/lightweb.dev\/l\/svm-temp","author_name":"Redaktionen SvM","author_url":"https:\/\/lightweb.dev\/l\/svm-temp\/reporter\/redaktionen\/","title":"\u00c4ndrade \u00f6ppettider vid livsmedelskedjor","type":"rich","width":600,"height":338,"html":"<blockquote class=\"wp-embedded-content\" data-secret=\"BKun8FBsfC\"><a href=\"https:\/\/lightweb.dev\/l\/svm-temp\/nyheter\/andrade-oppettider-vid-livsmedelskedjor\/\">\u00c4ndrade \u00f6ppettider vid livsmedelskedjor<\/a><\/blockquote><iframe sandbox=\"allow-scripts\" security=\"restricted\" src=\"https:\/\/lightweb.dev\/l\/svm-temp\/nyheter\/andrade-oppettider-vid-livsmedelskedjor\/embed\/#?secret=BKun8FBsfC\" width=\"600\" height=\"338\" title=\"\u201d\u00c4ndrade \u00f6ppettider vid livsmedelskedjor\u201d &ndash; Svenska Magasinet\" data-secret=\"BKun8FBsfC\" frameborder=\"0\" marginwidth=\"0\" marginheight=\"0\" scrolling=\"no\" class=\"wp-embedded-content\"><\/iframe><script type=\"text\/javascript\">\n\/* <![CDATA[ *\/\n\/*! This file is auto-generated *\/\n!function(d,l){\"use strict\";l.querySelector&&d.addEventListener&&\"undefined\"!=typeof URL&&(d.wp=d.wp||{},d.wp.receiveEmbedMessage||(d.wp.receiveEmbedMessage=function(e){var t=e.data;if((t||t.secret||t.message||t.value)&&!\/[^a-zA-Z0-9]\/.test(t.secret)){for(var s,r,n,a=l.querySelectorAll('iframe[data-secret=\"'+t.secret+'\"]'),o=l.querySelectorAll('blockquote[data-secret=\"'+t.secret+'\"]'),c=new RegExp(\"^https?:$\",\"i\"),i=0;i<o.length;i++)o[i].style.display=\"none\";for(i=0;i<a.length;i++)s=a[i],e.source===s.contentWindow&&(s.removeAttribute(\"style\"),\"height\"===t.message?(1e3<(r=parseInt(t.value,10))?r=1e3:~~r<200&&(r=200),s.height=r):\"link\"===t.message&&(r=new URL(s.getAttribute(\"src\")),n=new URL(t.value),c.test(n.protocol))&&n.host===r.host&&l.activeElement===s&&(d.top.location.href=t.value))}},d.addEventListener(\"message\",d.wp.receiveEmbedMessage,!1),l.addEventListener(\"DOMContentLoaded\",function(){for(var e,t,s=l.querySelectorAll(\"iframe.wp-embedded-content\"),r=0;r<s.length;r++)(t=(e=s[r]).getAttribute(\"data-secret\"))||(t=Math.random().toString(36).substring(2,12),e.src+=\"#?secret=\"+t,e.setAttribute(\"data-secret\",t)),e.contentWindow.postMessage({message:\"ready\",secret:t},\"*\")},!1)))}(window,document);\n\/* ]]> *\/\n<\/script>\n","thumbnail_url":"https:\/\/lightweb.dev\/l\/svm-temp\/wp-content\/uploads\/2022\/06\/andrade-oppettider-vid-livsmedelskedjor.png","thumbnail_width":700,"thumbnail_height":420,"description":"I samband med det utlysta nationella n\u00f6dl\u00e4get s\u00e5 har \u00f6ppettider och s\u00e4kerheten f\u00f6r\u00e4ndras n\u00e5got vid de stora livsmedelskedjorna. Observera att f\u00f6rsiktighets\u00e5tg\u00e4rder har vidtagits f\u00f6r att begr\u00e4nsa antalet kunder f\u00f6r att undvika eventuell smittspridning i samtliga butiker. Det g\u00e4ller \u00e4ven att h\u00e5lla avst\u00e5nd till \u00f6vriga bes\u00f6kare. S\u00e5 h\u00e4r \u00e4r l\u00e4get just nu vid de stora livsmedelsbutikerna: [&hellip;]"}