{"version":"1.0","provider_name":"Svenska Magasinet","provider_url":"https:\/\/lightweb.dev\/l\/svm-temp","author_name":"Redaktionen SvM","author_url":"https:\/\/lightweb.dev\/l\/svm-temp\/reporter\/redaktionen\/","title":"\u00c4nnu platser kvar till Madridresan","type":"rich","width":600,"height":338,"html":"<blockquote class=\"wp-embedded-content\" data-secret=\"NaYSPFrmLC\"><a href=\"https:\/\/lightweb.dev\/l\/svm-temp\/nyheter\/annu-platser-kvar-till-madridresan\/\">\u00c4nnu platser kvar till Madridresan<\/a><\/blockquote><iframe sandbox=\"allow-scripts\" security=\"restricted\" src=\"https:\/\/lightweb.dev\/l\/svm-temp\/nyheter\/annu-platser-kvar-till-madridresan\/embed\/#?secret=NaYSPFrmLC\" width=\"600\" height=\"338\" title=\"\u201d\u00c4nnu platser kvar till Madridresan\u201d &ndash; Svenska Magasinet\" data-secret=\"NaYSPFrmLC\" frameborder=\"0\" marginwidth=\"0\" marginheight=\"0\" scrolling=\"no\" class=\"wp-embedded-content\"><\/iframe><script type=\"text\/javascript\">\n\/* <![CDATA[ *\/\n\/*! This file is auto-generated *\/\n!function(d,l){\"use strict\";l.querySelector&&d.addEventListener&&\"undefined\"!=typeof URL&&(d.wp=d.wp||{},d.wp.receiveEmbedMessage||(d.wp.receiveEmbedMessage=function(e){var t=e.data;if((t||t.secret||t.message||t.value)&&!\/[^a-zA-Z0-9]\/.test(t.secret)){for(var s,r,n,a=l.querySelectorAll('iframe[data-secret=\"'+t.secret+'\"]'),o=l.querySelectorAll('blockquote[data-secret=\"'+t.secret+'\"]'),c=new RegExp(\"^https?:$\",\"i\"),i=0;i<o.length;i++)o[i].style.display=\"none\";for(i=0;i<a.length;i++)s=a[i],e.source===s.contentWindow&&(s.removeAttribute(\"style\"),\"height\"===t.message?(1e3<(r=parseInt(t.value,10))?r=1e3:~~r<200&&(r=200),s.height=r):\"link\"===t.message&&(r=new URL(s.getAttribute(\"src\")),n=new URL(t.value),c.test(n.protocol))&&n.host===r.host&&l.activeElement===s&&(d.top.location.href=t.value))}},d.addEventListener(\"message\",d.wp.receiveEmbedMessage,!1),l.addEventListener(\"DOMContentLoaded\",function(){for(var e,t,s=l.querySelectorAll(\"iframe.wp-embedded-content\"),r=0;r<s.length;r++)(t=(e=s[r]).getAttribute(\"data-secret\"))||(t=Math.random().toString(36).substring(2,12),e.src+=\"#?secret=\"+t,e.setAttribute(\"data-secret\",t)),e.contentWindow.postMessage({message:\"ready\",secret:t},\"*\")},!1)))}(window,document);\n\/* ]]> *\/\n<\/script>\n","thumbnail_url":"https:\/\/lightweb.dev\/l\/svm-temp\/wp-content\/uploads\/2022\/06\/annu-platser-kvar-till-madridresan.png","thumbnail_width":299,"thumbnail_height":200,"description":"Det finns fortfarande biljetter kvar till Madridresan som den auktoriserade guiden Siv Ling g\u00f6r i samarbete med Svenska Magasinet. Den sp\u00e4nnande kulturresan till Spaniens hj\u00e4rta Madrid g\u00e5r fredagen den 22 november. Det g\u00e5r att anm\u00e4la sig f\u00f6r resan fram tills p\u00e5 m\u00e5ndag, den 18 november. Anm\u00e4lan kan g\u00f6ras hos Ruta\/Solar Resebyr\u00e5, Pasaje La Pandereta s\/n, [&hellip;]"}