{"version":"1.0","provider_name":"Svenska Magasinet","provider_url":"https:\/\/lightweb.dev\/l\/svm-temp","author_name":"Redaktionen SvM","author_url":"https:\/\/lightweb.dev\/l\/svm-temp\/reporter\/redaktionen\/","title":"Antalet vaccindoser av Pfizer f\u00f6rdubblas","type":"rich","width":600,"height":338,"html":"<blockquote class=\"wp-embedded-content\" data-secret=\"belAfsktdp\"><a href=\"https:\/\/lightweb.dev\/l\/svm-temp\/nyheter\/antalet-vaccindoser-av-pfizer-fordubblas\/\">Antalet vaccindoser av Pfizer f\u00f6rdubblas<\/a><\/blockquote><iframe sandbox=\"allow-scripts\" security=\"restricted\" src=\"https:\/\/lightweb.dev\/l\/svm-temp\/nyheter\/antalet-vaccindoser-av-pfizer-fordubblas\/embed\/#?secret=belAfsktdp\" width=\"600\" height=\"338\" title=\"\u201dAntalet vaccindoser av Pfizer f\u00f6rdubblas\u201d &ndash; Svenska Magasinet\" data-secret=\"belAfsktdp\" frameborder=\"0\" marginwidth=\"0\" marginheight=\"0\" scrolling=\"no\" class=\"wp-embedded-content\"><\/iframe><script type=\"text\/javascript\">\n\/* <![CDATA[ *\/\n\/*! This file is auto-generated *\/\n!function(d,l){\"use strict\";l.querySelector&&d.addEventListener&&\"undefined\"!=typeof URL&&(d.wp=d.wp||{},d.wp.receiveEmbedMessage||(d.wp.receiveEmbedMessage=function(e){var t=e.data;if((t||t.secret||t.message||t.value)&&!\/[^a-zA-Z0-9]\/.test(t.secret)){for(var s,r,n,a=l.querySelectorAll('iframe[data-secret=\"'+t.secret+'\"]'),o=l.querySelectorAll('blockquote[data-secret=\"'+t.secret+'\"]'),c=new RegExp(\"^https?:$\",\"i\"),i=0;i<o.length;i++)o[i].style.display=\"none\";for(i=0;i<a.length;i++)s=a[i],e.source===s.contentWindow&&(s.removeAttribute(\"style\"),\"height\"===t.message?(1e3<(r=parseInt(t.value,10))?r=1e3:~~r<200&&(r=200),s.height=r):\"link\"===t.message&&(r=new URL(s.getAttribute(\"src\")),n=new URL(t.value),c.test(n.protocol))&&n.host===r.host&&l.activeElement===s&&(d.top.location.href=t.value))}},d.addEventListener(\"message\",d.wp.receiveEmbedMessage,!1),l.addEventListener(\"DOMContentLoaded\",function(){for(var e,t,s=l.querySelectorAll(\"iframe.wp-embedded-content\"),r=0;r<s.length;r++)(t=(e=s[r]).getAttribute(\"data-secret\"))||(t=Math.random().toString(36).substring(2,12),e.src+=\"#?secret=\"+t,e.setAttribute(\"data-secret\",t)),e.contentWindow.postMessage({message:\"ready\",secret:t},\"*\")},!1)))}(window,document);\n\/* ]]> *\/\n<\/script>\n","thumbnail_url":"https:\/\/lightweb.dev\/l\/svm-temp\/wp-content\/uploads\/2022\/06\/antalet-vaccindoser-av-pfizer-fordubblas.png","thumbnail_width":500,"thumbnail_height":300,"description":"Fr\u00e5n 6,8 miljoner doser i maj till 13 miljoner doser i juni. Antalet vaccindoser av Pfizer som Spanien f\u00e5r \u00f6kar till det dubbla under juni. Det \u00e4r tillr\u00e4ckligt f\u00f6r att vaccinera omkring 6,5 miljoner inv\u00e5nare. Beskedet g\u00f6r att den f\u00f6rv\u00e4ntade flockimmuniteten till 18 augusti kan uppfyllas. En n\u00f6jd regeringschef Pedro S\u00e1nchez meddelade p\u00e5 torsdagen att [&hellip;]"}