{"version":"1.0","provider_name":"Svenska Magasinet","provider_url":"https:\/\/lightweb.dev\/l\/svm-temp","author_name":"Redaktionen SvM","author_url":"https:\/\/lightweb.dev\/l\/svm-temp\/reporter\/redaktionen\/","title":"Ben\u00e5dade pedofilen Daniel Galv\u00e1n utl\u00e4mnas inte","type":"rich","width":600,"height":338,"html":"<blockquote class=\"wp-embedded-content\" data-secret=\"5J3AIiDo1h\"><a href=\"https:\/\/lightweb.dev\/l\/svm-temp\/nyheter\/benadade-pedofilen-daniel-galvan-utlamnas-inte\/\">Ben\u00e5dade pedofilen Daniel Galv\u00e1n utl\u00e4mnas inte<\/a><\/blockquote><iframe sandbox=\"allow-scripts\" security=\"restricted\" src=\"https:\/\/lightweb.dev\/l\/svm-temp\/nyheter\/benadade-pedofilen-daniel-galvan-utlamnas-inte\/embed\/#?secret=5J3AIiDo1h\" width=\"600\" height=\"338\" title=\"\u201dBen\u00e5dade pedofilen Daniel Galv\u00e1n utl\u00e4mnas inte\u201d &ndash; Svenska Magasinet\" data-secret=\"5J3AIiDo1h\" frameborder=\"0\" marginwidth=\"0\" marginheight=\"0\" scrolling=\"no\" class=\"wp-embedded-content\"><\/iframe><script type=\"text\/javascript\">\n\/* <![CDATA[ *\/\n\/*! This file is auto-generated *\/\n!function(d,l){\"use strict\";l.querySelector&&d.addEventListener&&\"undefined\"!=typeof URL&&(d.wp=d.wp||{},d.wp.receiveEmbedMessage||(d.wp.receiveEmbedMessage=function(e){var t=e.data;if((t||t.secret||t.message||t.value)&&!\/[^a-zA-Z0-9]\/.test(t.secret)){for(var s,r,n,a=l.querySelectorAll('iframe[data-secret=\"'+t.secret+'\"]'),o=l.querySelectorAll('blockquote[data-secret=\"'+t.secret+'\"]'),c=new RegExp(\"^https?:$\",\"i\"),i=0;i<o.length;i++)o[i].style.display=\"none\";for(i=0;i<a.length;i++)s=a[i],e.source===s.contentWindow&&(s.removeAttribute(\"style\"),\"height\"===t.message?(1e3<(r=parseInt(t.value,10))?r=1e3:~~r<200&&(r=200),s.height=r):\"link\"===t.message&&(r=new URL(s.getAttribute(\"src\")),n=new URL(t.value),c.test(n.protocol))&&n.host===r.host&&l.activeElement===s&&(d.top.location.href=t.value))}},d.addEventListener(\"message\",d.wp.receiveEmbedMessage,!1),l.addEventListener(\"DOMContentLoaded\",function(){for(var e,t,s=l.querySelectorAll(\"iframe.wp-embedded-content\"),r=0;r<s.length;r++)(t=(e=s[r]).getAttribute(\"data-secret\"))||(t=Math.random().toString(36).substring(2,12),e.src+=\"#?secret=\"+t,e.setAttribute(\"data-secret\",t)),e.contentWindow.postMessage({message:\"ready\",secret:t},\"*\")},!1)))}(window,document);\n\/* ]]> *\/\n<\/script>\n","thumbnail_url":"https:\/\/lightweb.dev\/l\/svm-temp\/wp-content\/uploads\/2022\/06\/benadade-pedofilen-daniel-galvan-utlamnas-inte.png","thumbnail_width":315,"thumbnail_height":200,"description":"\u00c5klagaren Carlos Bautista vid Spaniens nationaldomstol har beslutat att inte utl\u00e4mna den ben\u00e5dade pedofilen Daniel Galv\u00e1n till Marocko. Galv\u00e1n var en av tiotals spanska f\u00e5ngar vilka ben\u00e5dats av kung av Marocko som diplomatisk gest. Nu kommer Galv\u00e1n att avtj\u00e4na \u00e5terstoden av sitt straff i ett f\u00e4ngelse i Spanien. Galv\u00e1n d\u00f6mdes i maj 2011 i Marocko [&hellip;]"}