{"version":"1.0","provider_name":"Svenska Magasinet","provider_url":"https:\/\/lightweb.dev\/l\/svm-temp","author_name":"Robbie Eriksson","author_url":"https:\/\/lightweb.dev\/l\/svm-temp\/reporter\/robbie-eriksson\/","title":"Benalm\u00e1dena s\u00e4tter stopp f\u00f6r husvagnar","type":"rich","width":600,"height":338,"html":"<blockquote class=\"wp-embedded-content\" data-secret=\"OlF44GtE3F\"><a href=\"https:\/\/lightweb.dev\/l\/svm-temp\/nyheter\/benalmadena-satter-stopp-for-husvagnar\/\">Benalm\u00e1dena s\u00e4tter stopp f\u00f6r husvagnar<\/a><\/blockquote><iframe sandbox=\"allow-scripts\" security=\"restricted\" src=\"https:\/\/lightweb.dev\/l\/svm-temp\/nyheter\/benalmadena-satter-stopp-for-husvagnar\/embed\/#?secret=OlF44GtE3F\" width=\"600\" height=\"338\" title=\"\u201dBenalm\u00e1dena s\u00e4tter stopp f\u00f6r husvagnar\u201d &ndash; Svenska Magasinet\" data-secret=\"OlF44GtE3F\" frameborder=\"0\" marginwidth=\"0\" marginheight=\"0\" scrolling=\"no\" class=\"wp-embedded-content\"><\/iframe><script type=\"text\/javascript\">\n\/* <![CDATA[ *\/\n\/*! This file is auto-generated *\/\n!function(d,l){\"use strict\";l.querySelector&&d.addEventListener&&\"undefined\"!=typeof URL&&(d.wp=d.wp||{},d.wp.receiveEmbedMessage||(d.wp.receiveEmbedMessage=function(e){var t=e.data;if((t||t.secret||t.message||t.value)&&!\/[^a-zA-Z0-9]\/.test(t.secret)){for(var s,r,n,a=l.querySelectorAll('iframe[data-secret=\"'+t.secret+'\"]'),o=l.querySelectorAll('blockquote[data-secret=\"'+t.secret+'\"]'),c=new RegExp(\"^https?:$\",\"i\"),i=0;i<o.length;i++)o[i].style.display=\"none\";for(i=0;i<a.length;i++)s=a[i],e.source===s.contentWindow&&(s.removeAttribute(\"style\"),\"height\"===t.message?(1e3<(r=parseInt(t.value,10))?r=1e3:~~r<200&&(r=200),s.height=r):\"link\"===t.message&&(r=new URL(s.getAttribute(\"src\")),n=new URL(t.value),c.test(n.protocol))&&n.host===r.host&&l.activeElement===s&&(d.top.location.href=t.value))}},d.addEventListener(\"message\",d.wp.receiveEmbedMessage,!1),l.addEventListener(\"DOMContentLoaded\",function(){for(var e,t,s=l.querySelectorAll(\"iframe.wp-embedded-content\"),r=0;r<s.length;r++)(t=(e=s[r]).getAttribute(\"data-secret\"))||(t=Math.random().toString(36).substring(2,12),e.src+=\"#?secret=\"+t,e.setAttribute(\"data-secret\",t)),e.contentWindow.postMessage({message:\"ready\",secret:t},\"*\")},!1)))}(window,document);\n\/* ]]> *\/\n<\/script>\n","thumbnail_url":"https:\/\/lightweb.dev\/l\/svm-temp\/wp-content\/uploads\/2024\/01\/2024-01-191705655667.png","thumbnail_width":800,"thumbnail_height":535,"description":"Polisen och kommunen har f\u00e5tt ingripa f\u00f6r att stoppa \u00f6verbel\u00e4ggningen av husbilar vid parkeringen bredvid Parque de la Paloma.\u00a0Som mest f\u00e5r 29 husbilar eller husvagnar st\u00e5 d\u00e4r. Vid vissa tillf\u00e4llen har kommunen r\u00e4knat upp till 200 stycken.\u00a0"}