{"version":"1.0","provider_name":"Svenska Magasinet","provider_url":"https:\/\/lightweb.dev\/l\/svm-temp","author_name":"Redaktionen SvM","author_url":"https:\/\/lightweb.dev\/l\/svm-temp\/reporter\/redaktionen\/","title":"Bil kopplas till Amys f\u00f6rsvinnande","type":"rich","width":600,"height":338,"html":"<blockquote class=\"wp-embedded-content\" data-secret=\"FlSj7655cl\"><a href=\"https:\/\/lightweb.dev\/l\/svm-temp\/nyheter\/bil-kopplas-till-amys-forsvinnande\/\">Bil kopplas till Amys f\u00f6rsvinnande<\/a><\/blockquote><iframe sandbox=\"allow-scripts\" security=\"restricted\" src=\"https:\/\/lightweb.dev\/l\/svm-temp\/nyheter\/bil-kopplas-till-amys-forsvinnande\/embed\/#?secret=FlSj7655cl\" width=\"600\" height=\"338\" title=\"\u201dBil kopplas till Amys f\u00f6rsvinnande\u201d &ndash; Svenska Magasinet\" data-secret=\"FlSj7655cl\" frameborder=\"0\" marginwidth=\"0\" marginheight=\"0\" scrolling=\"no\" class=\"wp-embedded-content\"><\/iframe><script type=\"text\/javascript\">\n\/* <![CDATA[ *\/\n\/*! This file is auto-generated *\/\n!function(d,l){\"use strict\";l.querySelector&&d.addEventListener&&\"undefined\"!=typeof URL&&(d.wp=d.wp||{},d.wp.receiveEmbedMessage||(d.wp.receiveEmbedMessage=function(e){var t=e.data;if((t||t.secret||t.message||t.value)&&!\/[^a-zA-Z0-9]\/.test(t.secret)){for(var s,r,n,a=l.querySelectorAll('iframe[data-secret=\"'+t.secret+'\"]'),o=l.querySelectorAll('blockquote[data-secret=\"'+t.secret+'\"]'),c=new RegExp(\"^https?:$\",\"i\"),i=0;i<o.length;i++)o[i].style.display=\"none\";for(i=0;i<a.length;i++)s=a[i],e.source===s.contentWindow&&(s.removeAttribute(\"style\"),\"height\"===t.message?(1e3<(r=parseInt(t.value,10))?r=1e3:~~r<200&&(r=200),s.height=r):\"link\"===t.message&&(r=new URL(s.getAttribute(\"src\")),n=new URL(t.value),c.test(n.protocol))&&n.host===r.host&&l.activeElement===s&&(d.top.location.href=t.value))}},d.addEventListener(\"message\",d.wp.receiveEmbedMessage,!1),l.addEventListener(\"DOMContentLoaded\",function(){for(var e,t,s=l.querySelectorAll(\"iframe.wp-embedded-content\"),r=0;r<s.length;r++)(t=(e=s[r]).getAttribute(\"data-secret\"))||(t=Math.random().toString(36).substring(2,12),e.src+=\"#?secret=\"+t,e.setAttribute(\"data-secret\",t)),e.contentWindow.postMessage({message:\"ready\",secret:t},\"*\")},!1)))}(window,document);\n\/* ]]> *\/\n<\/script>\n","thumbnail_url":"https:\/\/lightweb.dev\/l\/svm-temp\/wp-content\/uploads\/2022\/06\/bil-kopplas-till-amys-forsvinnande.png","thumbnail_width":280,"thumbnail_height":219,"description":"Guardia Civil s\u00f6ker efter en bil som f\u00f6rsvann vid ungef\u00e4r samma tidpunkt som den irl\u00e4ndska flickan Amy. Hon f\u00f6rsvann sp\u00e5rl\u00f6st p\u00e5 ny\u00e5rsdagens kv\u00e4ll och det uppt\u00e4cktes att bilen, som \u00e4gs av en bekant till familjen, var borta n\u00e5gra dagar senare. Det \u00e4r k\u00e4nt att Amy hade vetskap om att bilen var ol\u00e5st och gick att [&hellip;]"}