{"version":"1.0","provider_name":"Svenska Magasinet","provider_url":"https:\/\/lightweb.dev\/l\/svm-temp","author_name":"Redaktionen SvM","author_url":"https:\/\/lightweb.dev\/l\/svm-temp\/reporter\/redaktionen\/","title":"Ch\u00e1vez anklagar kung Juan Carlos","type":"rich","width":600,"height":338,"html":"<blockquote class=\"wp-embedded-content\" data-secret=\"hmFfidzDHu\"><a href=\"https:\/\/lightweb.dev\/l\/svm-temp\/nyheter\/chavez-anklagar-kung-juan-carlos\/\">Ch\u00e1vez anklagar kung Juan Carlos<\/a><\/blockquote><iframe sandbox=\"allow-scripts\" security=\"restricted\" src=\"https:\/\/lightweb.dev\/l\/svm-temp\/nyheter\/chavez-anklagar-kung-juan-carlos\/embed\/#?secret=hmFfidzDHu\" width=\"600\" height=\"338\" title=\"\u201dCh\u00e1vez anklagar kung Juan Carlos\u201d &ndash; Svenska Magasinet\" data-secret=\"hmFfidzDHu\" frameborder=\"0\" marginwidth=\"0\" marginheight=\"0\" scrolling=\"no\" class=\"wp-embedded-content\"><\/iframe><script type=\"text\/javascript\">\n\/* <![CDATA[ *\/\n\/*! This file is auto-generated *\/\n!function(d,l){\"use strict\";l.querySelector&&d.addEventListener&&\"undefined\"!=typeof URL&&(d.wp=d.wp||{},d.wp.receiveEmbedMessage||(d.wp.receiveEmbedMessage=function(e){var t=e.data;if((t||t.secret||t.message||t.value)&&!\/[^a-zA-Z0-9]\/.test(t.secret)){for(var s,r,n,a=l.querySelectorAll('iframe[data-secret=\"'+t.secret+'\"]'),o=l.querySelectorAll('blockquote[data-secret=\"'+t.secret+'\"]'),c=new RegExp(\"^https?:$\",\"i\"),i=0;i<o.length;i++)o[i].style.display=\"none\";for(i=0;i<a.length;i++)s=a[i],e.source===s.contentWindow&&(s.removeAttribute(\"style\"),\"height\"===t.message?(1e3<(r=parseInt(t.value,10))?r=1e3:~~r<200&&(r=200),s.height=r):\"link\"===t.message&&(r=new URL(s.getAttribute(\"src\")),n=new URL(t.value),c.test(n.protocol))&&n.host===r.host&&l.activeElement===s&&(d.top.location.href=t.value))}},d.addEventListener(\"message\",d.wp.receiveEmbedMessage,!1),l.addEventListener(\"DOMContentLoaded\",function(){for(var e,t,s=l.querySelectorAll(\"iframe.wp-embedded-content\"),r=0;r<s.length;r++)(t=(e=s[r]).getAttribute(\"data-secret\"))||(t=Math.random().toString(36).substring(2,12),e.src+=\"#?secret=\"+t,e.setAttribute(\"data-secret\",t)),e.contentWindow.postMessage({message:\"ready\",secret:t},\"*\")},!1)))}(window,document);\n\/* ]]> *\/\n<\/script>\n","description":"Kung Juan Carlos utbrott p\u00e5 det Iberoamerikanska toppm\u00f6tet i Chile forts\u00e4tter att generera kommentarer av olika slag. Kungen bad p\u00e5 toppm\u00f6tet Venezuelas president Hugo Ch\u00e1vez \u201dh\u00e5lla klaffen\u201d efter att han f\u00f6rst kommit med grava anklagelser mot Spaniens f\u00f6rre premi\u00e4rminister Aznar och sedan avbrutit den nuvarande premi\u00e4rministern Zapatero vid upprepade tillf\u00e4llen. Ch\u00e1vez kallade Aznar f\u00f6r \u201dfascist\u201d [&hellip;]"}