{"version":"1.0","provider_name":"Svenska Magasinet","provider_url":"https:\/\/lightweb.dev\/l\/svm-temp","author_name":"Redaktionen SvM","author_url":"https:\/\/lightweb.dev\/l\/svm-temp\/reporter\/redaktionen\/","title":"Costa Tropical f\u00e5r vandringsled utmed kusten","type":"rich","width":600,"height":338,"html":"<blockquote class=\"wp-embedded-content\" data-secret=\"pcpRUQmRV0\"><a href=\"https:\/\/lightweb.dev\/l\/svm-temp\/nyheter\/costa-tropical-far-vandringsled-utmed-kusten\/\">Costa Tropical f\u00e5r vandringsled utmed kusten<\/a><\/blockquote><iframe sandbox=\"allow-scripts\" security=\"restricted\" src=\"https:\/\/lightweb.dev\/l\/svm-temp\/nyheter\/costa-tropical-far-vandringsled-utmed-kusten\/embed\/#?secret=pcpRUQmRV0\" width=\"600\" height=\"338\" title=\"\u201dCosta Tropical f\u00e5r vandringsled utmed kusten\u201d &ndash; Svenska Magasinet\" data-secret=\"pcpRUQmRV0\" frameborder=\"0\" marginwidth=\"0\" marginheight=\"0\" scrolling=\"no\" class=\"wp-embedded-content\"><\/iframe><script type=\"text\/javascript\">\n\/* <![CDATA[ *\/\n\/*! This file is auto-generated *\/\n!function(d,l){\"use strict\";l.querySelector&&d.addEventListener&&\"undefined\"!=typeof URL&&(d.wp=d.wp||{},d.wp.receiveEmbedMessage||(d.wp.receiveEmbedMessage=function(e){var t=e.data;if((t||t.secret||t.message||t.value)&&!\/[^a-zA-Z0-9]\/.test(t.secret)){for(var s,r,n,a=l.querySelectorAll('iframe[data-secret=\"'+t.secret+'\"]'),o=l.querySelectorAll('blockquote[data-secret=\"'+t.secret+'\"]'),c=new RegExp(\"^https?:$\",\"i\"),i=0;i<o.length;i++)o[i].style.display=\"none\";for(i=0;i<a.length;i++)s=a[i],e.source===s.contentWindow&&(s.removeAttribute(\"style\"),\"height\"===t.message?(1e3<(r=parseInt(t.value,10))?r=1e3:~~r<200&&(r=200),s.height=r):\"link\"===t.message&&(r=new URL(s.getAttribute(\"src\")),n=new URL(t.value),c.test(n.protocol))&&n.host===r.host&&l.activeElement===s&&(d.top.location.href=t.value))}},d.addEventListener(\"message\",d.wp.receiveEmbedMessage,!1),l.addEventListener(\"DOMContentLoaded\",function(){for(var e,t,s=l.querySelectorAll(\"iframe.wp-embedded-content\"),r=0;r<s.length;r++)(t=(e=s[r]).getAttribute(\"data-secret\"))||(t=Math.random().toString(36).substring(2,12),e.src+=\"#?secret=\"+t,e.setAttribute(\"data-secret\",t)),e.contentWindow.postMessage({message:\"ready\",secret:t},\"*\")},!1)))}(window,document);\n\/* ]]> *\/\n<\/script>\n","thumbnail_url":"https:\/\/lightweb.dev\/l\/svm-temp\/wp-content\/uploads\/2022\/06\/costa-tropical-far-vandringsled-utmed-kusten.png","thumbnail_width":500,"thumbnail_height":300,"description":"Nu g\u00f6r Costa Tropical i Granadaprovinsen som systerkusten p\u00e5 Costa del Sol. Planerar f\u00f6r vandringsleden \u201dLa senda litoral\u201d som ska g\u00e5 genom 18 kommuner utmed kusten och La Alpujarra. Vandringsleden Senda Litoral mellan Manilva och Nerja p\u00e5 Costa del Sol har blivit mycket popul\u00e4r. \u00c4nnu \u00e5terst\u00e5r n\u00e5gra avsnitt innan hela leden \u00e4r klar. Nu g\u00f6r [&hellip;]"}