{"version":"1.0","provider_name":"Svenska Magasinet","provider_url":"https:\/\/lightweb.dev\/l\/svm-temp","author_name":"Redaktionen SvM","author_url":"https:\/\/lightweb.dev\/l\/svm-temp\/reporter\/redaktionen\/","title":"Covidl\u00e4get: M\u00e1lagaprovinsen p\u00e5 l\u00e4gsta niv\u00e5","type":"rich","width":600,"height":338,"html":"<blockquote class=\"wp-embedded-content\" data-secret=\"S4Tj0z4wRn\"><a href=\"https:\/\/lightweb.dev\/l\/svm-temp\/nyheter\/covidlaget-malagaprovinsen-pa-lagsta-niva\/\">Covidl\u00e4get: M\u00e1lagaprovinsen p\u00e5 l\u00e4gsta niv\u00e5<\/a><\/blockquote><iframe sandbox=\"allow-scripts\" security=\"restricted\" src=\"https:\/\/lightweb.dev\/l\/svm-temp\/nyheter\/covidlaget-malagaprovinsen-pa-lagsta-niva\/embed\/#?secret=S4Tj0z4wRn\" width=\"600\" height=\"338\" title=\"\u201dCovidl\u00e4get: M\u00e1lagaprovinsen p\u00e5 l\u00e4gsta niv\u00e5\u201d &ndash; Svenska Magasinet\" data-secret=\"S4Tj0z4wRn\" frameborder=\"0\" marginwidth=\"0\" marginheight=\"0\" scrolling=\"no\" class=\"wp-embedded-content\"><\/iframe><script type=\"text\/javascript\">\n\/* <![CDATA[ *\/\n\/*! This file is auto-generated *\/\n!function(d,l){\"use strict\";l.querySelector&&d.addEventListener&&\"undefined\"!=typeof URL&&(d.wp=d.wp||{},d.wp.receiveEmbedMessage||(d.wp.receiveEmbedMessage=function(e){var t=e.data;if((t||t.secret||t.message||t.value)&&!\/[^a-zA-Z0-9]\/.test(t.secret)){for(var s,r,n,a=l.querySelectorAll('iframe[data-secret=\"'+t.secret+'\"]'),o=l.querySelectorAll('blockquote[data-secret=\"'+t.secret+'\"]'),c=new RegExp(\"^https?:$\",\"i\"),i=0;i<o.length;i++)o[i].style.display=\"none\";for(i=0;i<a.length;i++)s=a[i],e.source===s.contentWindow&&(s.removeAttribute(\"style\"),\"height\"===t.message?(1e3<(r=parseInt(t.value,10))?r=1e3:~~r<200&&(r=200),s.height=r):\"link\"===t.message&&(r=new URL(s.getAttribute(\"src\")),n=new URL(t.value),c.test(n.protocol))&&n.host===r.host&&l.activeElement===s&&(d.top.location.href=t.value))}},d.addEventListener(\"message\",d.wp.receiveEmbedMessage,!1),l.addEventListener(\"DOMContentLoaded\",function(){for(var e,t,s=l.querySelectorAll(\"iframe.wp-embedded-content\"),r=0;r<s.length;r++)(t=(e=s[r]).getAttribute(\"data-secret\"))||(t=Math.random().toString(36).substring(2,12),e.src+=\"#?secret=\"+t,e.setAttribute(\"data-secret\",t)),e.contentWindow.postMessage({message:\"ready\",secret:t},\"*\")},!1)))}(window,document);\n\/* ]]> *\/\n<\/script>\n","thumbnail_url":"https:\/\/lightweb.dev\/l\/svm-temp\/wp-content\/uploads\/2022\/06\/covidlaget-malagaprovinsen-pa-lagsta-niva.png","thumbnail_width":500,"thumbnail_height":300,"description":"M\u00e1laga \u00e4r fr\u00e5n idag torsdag den enda provinsen i regionen Andalusien som ligger p\u00e5 niv\u00e5 1 n\u00e4r det g\u00e4ller coronasmittade. Incidenstalet f\u00f6r provinsen M\u00e1laga ligger p\u00e5 123,7 fall per 100.000 inv\u00e5nare de senaste 14 dagarna. Det kan j\u00e4mf\u00f6ras med genomsnittet f\u00f6r Andalusien p\u00e5 164,5. H\u00f6gst incidens rapporterar Granada (246.2) och Huelva (234.2). Det g\u00e5r allts\u00e5 [&hellip;]"}