{"version":"1.0","provider_name":"Svenska Magasinet","provider_url":"https:\/\/lightweb.dev\/l\/svm-temp","author_name":"Redaktionen SvM","author_url":"https:\/\/lightweb.dev\/l\/svm-temp\/reporter\/redaktionen\/","title":"Den spanska regeringen sk\u00e4rper uteg\u00e5ngsf\u00f6rbudet","type":"rich","width":600,"height":338,"html":"<blockquote class=\"wp-embedded-content\" data-secret=\"W0NI9EXvxv\"><a href=\"https:\/\/lightweb.dev\/l\/svm-temp\/nyheter\/den-spanska-regeringen-skarper-utegangsforbudet\/\">Den spanska regeringen sk\u00e4rper uteg\u00e5ngsf\u00f6rbudet<\/a><\/blockquote><iframe sandbox=\"allow-scripts\" security=\"restricted\" src=\"https:\/\/lightweb.dev\/l\/svm-temp\/nyheter\/den-spanska-regeringen-skarper-utegangsforbudet\/embed\/#?secret=W0NI9EXvxv\" width=\"600\" height=\"338\" title=\"\u201dDen spanska regeringen sk\u00e4rper uteg\u00e5ngsf\u00f6rbudet\u201d &ndash; Svenska Magasinet\" data-secret=\"W0NI9EXvxv\" frameborder=\"0\" marginwidth=\"0\" marginheight=\"0\" scrolling=\"no\" class=\"wp-embedded-content\"><\/iframe><script type=\"text\/javascript\">\n\/* <![CDATA[ *\/\n\/*! This file is auto-generated *\/\n!function(d,l){\"use strict\";l.querySelector&&d.addEventListener&&\"undefined\"!=typeof URL&&(d.wp=d.wp||{},d.wp.receiveEmbedMessage||(d.wp.receiveEmbedMessage=function(e){var t=e.data;if((t||t.secret||t.message||t.value)&&!\/[^a-zA-Z0-9]\/.test(t.secret)){for(var s,r,n,a=l.querySelectorAll('iframe[data-secret=\"'+t.secret+'\"]'),o=l.querySelectorAll('blockquote[data-secret=\"'+t.secret+'\"]'),c=new RegExp(\"^https?:$\",\"i\"),i=0;i<o.length;i++)o[i].style.display=\"none\";for(i=0;i<a.length;i++)s=a[i],e.source===s.contentWindow&&(s.removeAttribute(\"style\"),\"height\"===t.message?(1e3<(r=parseInt(t.value,10))?r=1e3:~~r<200&&(r=200),s.height=r):\"link\"===t.message&&(r=new URL(s.getAttribute(\"src\")),n=new URL(t.value),c.test(n.protocol))&&n.host===r.host&&l.activeElement===s&&(d.top.location.href=t.value))}},d.addEventListener(\"message\",d.wp.receiveEmbedMessage,!1),l.addEventListener(\"DOMContentLoaded\",function(){for(var e,t,s=l.querySelectorAll(\"iframe.wp-embedded-content\"),r=0;r<s.length;r++)(t=(e=s[r]).getAttribute(\"data-secret\"))||(t=Math.random().toString(36).substring(2,12),e.src+=\"#?secret=\"+t,e.setAttribute(\"data-secret\",t)),e.contentWindow.postMessage({message:\"ready\",secret:t},\"*\")},!1)))}(window,document);\n\/* ]]> *\/\n<\/script>\n","thumbnail_url":"https:\/\/lightweb.dev\/l\/svm-temp\/wp-content\/uploads\/2022\/06\/den-spanska-regeringen-skarper-utegangsforbudet.png","thumbnail_width":700,"thumbnail_height":420,"description":"Den spanska premi\u00e4rministern Pedro S\u00e1nchez tillk\u00e4nnagav p\u00e5 l\u00f6rdagen sk\u00e4rpt uteg\u00e5ngsf\u00f6rbud f\u00f6r alla 47 miljoner spanjorer bortsett fr\u00e5n de som arbetar i viktiga sektorer. Allt f\u00f6r att f\u00f6rs\u00f6ka stoppa spridningen av coronaviruset och minska tr\u00e4ngseln p\u00e5 landets intensivv\u00e5rdsenheter (ICU). Vid ett extraordin\u00e4rt m\u00f6te idag s\u00f6ndag kommer ministrarna att godk\u00e4nna det nya utvidgade uteg\u00e5ngsf\u00f6rbudet f\u00f6r icke-n\u00f6dv\u00e4ndiga arbeten [&hellip;]"}