{"version":"1.0","provider_name":"Svenska Magasinet","provider_url":"https:\/\/lightweb.dev\/l\/svm-temp","author_name":"Ola Josefsson","author_url":"https:\/\/lightweb.dev\/l\/svm-temp\/reporter\/ola-josefsson\/","title":"Elpriset spr\u00e4nger 300 euro-vallen","type":"rich","width":600,"height":338,"html":"<blockquote class=\"wp-embedded-content\" data-secret=\"23XkH6w1c0\"><a href=\"https:\/\/lightweb.dev\/l\/svm-temp\/nyheter\/elpriset-spranger-300-euro-vallen\/\">Elpriset spr\u00e4nger 300 euro-vallen<\/a><\/blockquote><iframe sandbox=\"allow-scripts\" security=\"restricted\" src=\"https:\/\/lightweb.dev\/l\/svm-temp\/nyheter\/elpriset-spranger-300-euro-vallen\/embed\/#?secret=23XkH6w1c0\" width=\"600\" height=\"338\" title=\"\u201dElpriset spr\u00e4nger 300 euro-vallen\u201d &ndash; Svenska Magasinet\" data-secret=\"23XkH6w1c0\" frameborder=\"0\" marginwidth=\"0\" marginheight=\"0\" scrolling=\"no\" class=\"wp-embedded-content\"><\/iframe><script type=\"text\/javascript\">\n\/* <![CDATA[ *\/\n\/*! This file is auto-generated *\/\n!function(d,l){\"use strict\";l.querySelector&&d.addEventListener&&\"undefined\"!=typeof URL&&(d.wp=d.wp||{},d.wp.receiveEmbedMessage||(d.wp.receiveEmbedMessage=function(e){var t=e.data;if((t||t.secret||t.message||t.value)&&!\/[^a-zA-Z0-9]\/.test(t.secret)){for(var s,r,n,a=l.querySelectorAll('iframe[data-secret=\"'+t.secret+'\"]'),o=l.querySelectorAll('blockquote[data-secret=\"'+t.secret+'\"]'),c=new RegExp(\"^https?:$\",\"i\"),i=0;i<o.length;i++)o[i].style.display=\"none\";for(i=0;i<a.length;i++)s=a[i],e.source===s.contentWindow&&(s.removeAttribute(\"style\"),\"height\"===t.message?(1e3<(r=parseInt(t.value,10))?r=1e3:~~r<200&&(r=200),s.height=r):\"link\"===t.message&&(r=new URL(s.getAttribute(\"src\")),n=new URL(t.value),c.test(n.protocol))&&n.host===r.host&&l.activeElement===s&&(d.top.location.href=t.value))}},d.addEventListener(\"message\",d.wp.receiveEmbedMessage,!1),l.addEventListener(\"DOMContentLoaded\",function(){for(var e,t,s=l.querySelectorAll(\"iframe.wp-embedded-content\"),r=0;r<s.length;r++)(t=(e=s[r]).getAttribute(\"data-secret\"))||(t=Math.random().toString(36).substring(2,12),e.src+=\"#?secret=\"+t,e.setAttribute(\"data-secret\",t)),e.contentWindow.postMessage({message:\"ready\",secret:t},\"*\")},!1)))}(window,document);\n\/* ]]> *\/\n<\/script>\n","thumbnail_url":"https:\/\/lightweb.dev\/l\/svm-temp\/wp-content\/uploads\/2022\/04\/elpriset-sprnger-300-euro-vallen.png","thumbnail_width":500,"thumbnail_height":300,"description":"Genomsnittspriset p\u00e5 el p\u00e5 grossistmarknaden n\u00e5r 302,48 euro p\u00e5 torsdagen. Det \u00e4r det pris per megawattimme som elleverant\u00f6rerna f\u00e5r betala. Som h\u00f6gst hamnar priset p\u00e5 345 euro under torsdagen och som l\u00e4gst 251,78 euro. P\u00e5 ett \u00e5r har elpriset p\u00e5 grossistmarknaden stigit med 516,3 procent fr\u00e5n 49,34 euro. Torsdagens rekord \u00e4r det andra p\u00e5 tv\u00e5 [&hellip;]"}