{"version":"1.0","provider_name":"Svenska Magasinet","provider_url":"https:\/\/lightweb.dev\/l\/svm-temp","author_name":"Redaktionen SvM","author_url":"https:\/\/lightweb.dev\/l\/svm-temp\/reporter\/redaktionen\/","title":"Endast spansk musik p\u00e5 Fuengirolas feria","type":"rich","width":600,"height":338,"html":"<blockquote class=\"wp-embedded-content\" data-secret=\"KuZPfEIK9T\"><a href=\"https:\/\/lightweb.dev\/l\/svm-temp\/nyheter\/endast-spansk-musik-pa-fuengirolas-feria\/\">Endast spansk musik p\u00e5 Fuengirolas feria<\/a><\/blockquote><iframe sandbox=\"allow-scripts\" security=\"restricted\" src=\"https:\/\/lightweb.dev\/l\/svm-temp\/nyheter\/endast-spansk-musik-pa-fuengirolas-feria\/embed\/#?secret=KuZPfEIK9T\" width=\"600\" height=\"338\" title=\"\u201dEndast spansk musik p\u00e5 Fuengirolas feria\u201d &ndash; Svenska Magasinet\" data-secret=\"KuZPfEIK9T\" frameborder=\"0\" marginwidth=\"0\" marginheight=\"0\" scrolling=\"no\" class=\"wp-embedded-content\"><\/iframe><script type=\"text\/javascript\">\n\/* <![CDATA[ *\/\n\/*! This file is auto-generated *\/\n!function(d,l){\"use strict\";l.querySelector&&d.addEventListener&&\"undefined\"!=typeof URL&&(d.wp=d.wp||{},d.wp.receiveEmbedMessage||(d.wp.receiveEmbedMessage=function(e){var t=e.data;if((t||t.secret||t.message||t.value)&&!\/[^a-zA-Z0-9]\/.test(t.secret)){for(var s,r,n,a=l.querySelectorAll('iframe[data-secret=\"'+t.secret+'\"]'),o=l.querySelectorAll('blockquote[data-secret=\"'+t.secret+'\"]'),c=new RegExp(\"^https?:$\",\"i\"),i=0;i<o.length;i++)o[i].style.display=\"none\";for(i=0;i<a.length;i++)s=a[i],e.source===s.contentWindow&&(s.removeAttribute(\"style\"),\"height\"===t.message?(1e3<(r=parseInt(t.value,10))?r=1e3:~~r<200&&(r=200),s.height=r):\"link\"===t.message&&(r=new URL(s.getAttribute(\"src\")),n=new URL(t.value),c.test(n.protocol))&&n.host===r.host&&l.activeElement===s&&(d.top.location.href=t.value))}},d.addEventListener(\"message\",d.wp.receiveEmbedMessage,!1),l.addEventListener(\"DOMContentLoaded\",function(){for(var e,t,s=l.querySelectorAll(\"iframe.wp-embedded-content\"),r=0;r<s.length;r++)(t=(e=s[r]).getAttribute(\"data-secret\"))||(t=Math.random().toString(36).substring(2,12),e.src+=\"#?secret=\"+t,e.setAttribute(\"data-secret\",t)),e.contentWindow.postMessage({message:\"ready\",secret:t},\"*\")},!1)))}(window,document);\n\/* ]]> *\/\n<\/script>\n","thumbnail_url":"https:\/\/lightweb.dev\/l\/svm-temp\/wp-content\/uploads\/2022\/06\/endast-spansk-musik-pa-fuengirolas-feria.png","thumbnail_width":280,"thumbnail_height":241,"description":"Fuengirola kommun till\u00e5ter endast spansk musik under ferian och f\u00f6rbjuder ett dussintal musikstilar. Dessutom betonar kommunen att utsmyckningen av \u201dcasetas\u201d ska vara relaterade till Andalusien, kulturen, konsten och traditionen. Det skriver lokala medier. Det \u00e4r spansk musik som g\u00e4ller n\u00e4r Fuengirola h\u00e5ller feria till l\u00f6rdag och firar sitt skyddshelgon Virgen del Rosario. Kommunen skriver ocks\u00e5 [&hellip;]"}