{"version":"1.0","provider_name":"Svenska Magasinet","provider_url":"https:\/\/lightweb.dev\/l\/svm-temp","author_name":"Redaktionen SvM","author_url":"https:\/\/lightweb.dev\/l\/svm-temp\/reporter\/redaktionen\/","title":"Extremt v\u00e5ldsam m\u00f6rdare s\u00f6ks i Spanien","type":"rich","width":600,"height":338,"html":"<blockquote class=\"wp-embedded-content\" data-secret=\"TPtbdYfFYJ\"><a href=\"https:\/\/lightweb.dev\/l\/svm-temp\/nyheter\/extremt-valdsam-mordare-soks-i-spanien\/\">Extremt v\u00e5ldsam m\u00f6rdare s\u00f6ks i Spanien<\/a><\/blockquote><iframe sandbox=\"allow-scripts\" security=\"restricted\" src=\"https:\/\/lightweb.dev\/l\/svm-temp\/nyheter\/extremt-valdsam-mordare-soks-i-spanien\/embed\/#?secret=TPtbdYfFYJ\" width=\"600\" height=\"338\" title=\"\u201dExtremt v\u00e5ldsam m\u00f6rdare s\u00f6ks i Spanien\u201d &ndash; Svenska Magasinet\" data-secret=\"TPtbdYfFYJ\" frameborder=\"0\" marginwidth=\"0\" marginheight=\"0\" scrolling=\"no\" class=\"wp-embedded-content\"><\/iframe><script type=\"text\/javascript\">\n\/* <![CDATA[ *\/\n\/*! This file is auto-generated *\/\n!function(d,l){\"use strict\";l.querySelector&&d.addEventListener&&\"undefined\"!=typeof URL&&(d.wp=d.wp||{},d.wp.receiveEmbedMessage||(d.wp.receiveEmbedMessage=function(e){var t=e.data;if((t||t.secret||t.message||t.value)&&!\/[^a-zA-Z0-9]\/.test(t.secret)){for(var s,r,n,a=l.querySelectorAll('iframe[data-secret=\"'+t.secret+'\"]'),o=l.querySelectorAll('blockquote[data-secret=\"'+t.secret+'\"]'),c=new RegExp(\"^https?:$\",\"i\"),i=0;i<o.length;i++)o[i].style.display=\"none\";for(i=0;i<a.length;i++)s=a[i],e.source===s.contentWindow&&(s.removeAttribute(\"style\"),\"height\"===t.message?(1e3<(r=parseInt(t.value,10))?r=1e3:~~r<200&&(r=200),s.height=r):\"link\"===t.message&&(r=new URL(s.getAttribute(\"src\")),n=new URL(t.value),c.test(n.protocol))&&n.host===r.host&&l.activeElement===s&&(d.top.location.href=t.value))}},d.addEventListener(\"message\",d.wp.receiveEmbedMessage,!1),l.addEventListener(\"DOMContentLoaded\",function(){for(var e,t,s=l.querySelectorAll(\"iframe.wp-embedded-content\"),r=0;r<s.length;r++)(t=(e=s[r]).getAttribute(\"data-secret\"))||(t=Math.random().toString(36).substring(2,12),e.src+=\"#?secret=\"+t,e.setAttribute(\"data-secret\",t)),e.contentWindow.postMessage({message:\"ready\",secret:t},\"*\")},!1)))}(window,document);\n\/* ]]> *\/\n<\/script>\n","thumbnail_url":"https:\/\/lightweb.dev\/l\/svm-temp\/wp-content\/uploads\/2022\/06\/extremt-valdsam-mordare-soks-i-spanien.png","thumbnail_width":700,"thumbnail_height":421,"description":"Spansk nationalpolis har g\u00e5tt ut med en efterlysning av en m\u00f6rdare ursprungligen fr\u00e5n Marocko som beskrivs som extremt farlig och v\u00e5ldsam. Det g\u00e4ller Mohamed Soultana, f\u00f6dd 1976. En europeisk arresteringsorder \u00e4r utf\u00e4rdad p\u00e5 mannen av tyska myndigheter. Mohamed Soultana beskrivs som extremt v\u00e5ldsam och farlig och b\u00e4r vapen. Mannen kan befinna sig i Spanien. Spansk [&hellip;]"}