{"version":"1.0","provider_name":"Svenska Magasinet","provider_url":"https:\/\/lightweb.dev\/l\/svm-temp","author_name":"Redaktionen SvM","author_url":"https:\/\/lightweb.dev\/l\/svm-temp\/reporter\/redaktionen\/","title":"Extremv\u00e4rme och tropiska n\u00e4tter fr\u00e5n onsdag","type":"rich","width":600,"height":338,"html":"<blockquote class=\"wp-embedded-content\" data-secret=\"FQjnQU0Eku\"><a href=\"https:\/\/lightweb.dev\/l\/svm-temp\/nyheter\/extremvarme-och-tropiska-natter-fran-onsdag\/\">Extremv\u00e4rme och tropiska n\u00e4tter fr\u00e5n onsdag<\/a><\/blockquote><iframe sandbox=\"allow-scripts\" security=\"restricted\" src=\"https:\/\/lightweb.dev\/l\/svm-temp\/nyheter\/extremvarme-och-tropiska-natter-fran-onsdag\/embed\/#?secret=FQjnQU0Eku\" width=\"600\" height=\"338\" title=\"\u201dExtremv\u00e4rme och tropiska n\u00e4tter fr\u00e5n onsdag\u201d &ndash; Svenska Magasinet\" data-secret=\"FQjnQU0Eku\" frameborder=\"0\" marginwidth=\"0\" marginheight=\"0\" scrolling=\"no\" class=\"wp-embedded-content\"><\/iframe><script type=\"text\/javascript\">\n\/* <![CDATA[ *\/\n\/*! This file is auto-generated *\/\n!function(d,l){\"use strict\";l.querySelector&&d.addEventListener&&\"undefined\"!=typeof URL&&(d.wp=d.wp||{},d.wp.receiveEmbedMessage||(d.wp.receiveEmbedMessage=function(e){var t=e.data;if((t||t.secret||t.message||t.value)&&!\/[^a-zA-Z0-9]\/.test(t.secret)){for(var s,r,n,a=l.querySelectorAll('iframe[data-secret=\"'+t.secret+'\"]'),o=l.querySelectorAll('blockquote[data-secret=\"'+t.secret+'\"]'),c=new RegExp(\"^https?:$\",\"i\"),i=0;i<o.length;i++)o[i].style.display=\"none\";for(i=0;i<a.length;i++)s=a[i],e.source===s.contentWindow&&(s.removeAttribute(\"style\"),\"height\"===t.message?(1e3<(r=parseInt(t.value,10))?r=1e3:~~r<200&&(r=200),s.height=r):\"link\"===t.message&&(r=new URL(s.getAttribute(\"src\")),n=new URL(t.value),c.test(n.protocol))&&n.host===r.host&&l.activeElement===s&&(d.top.location.href=t.value))}},d.addEventListener(\"message\",d.wp.receiveEmbedMessage,!1),l.addEventListener(\"DOMContentLoaded\",function(){for(var e,t,s=l.querySelectorAll(\"iframe.wp-embedded-content\"),r=0;r<s.length;r++)(t=(e=s[r]).getAttribute(\"data-secret\"))||(t=Math.random().toString(36).substring(2,12),e.src+=\"#?secret=\"+t,e.setAttribute(\"data-secret\",t)),e.contentWindow.postMessage({message:\"ready\",secret:t},\"*\")},!1)))}(window,document);\n\/* ]]> *\/\n<\/script>\n","thumbnail_url":"https:\/\/lightweb.dev\/l\/svm-temp\/wp-content\/uploads\/2022\/06\/extremvarme-och-tropiska-natter-fran-onsdag.png","thumbnail_width":700,"thumbnail_height":420,"description":"Mycket varm luft fr\u00e5n Afrika i samband med stark sol g\u00f6r att temperaturerna kommer att stiga fr\u00e5n onsdag d\u00e5 det spanska inlandet v\u00e4ntas f\u00e5 upp till 43 grader varmt. P\u00e5 Costa del Sol stiger temperaturen till \u00f6ver 30 grader medan nattemperaturen inte g\u00e5r under 20 grader enligt den spanska v\u00e4derlekstj\u00e4nsten Aemet (Agencia Estatal de Meteorolog\u00eda). [&hellip;]"}