{"version":"1.0","provider_name":"Svenska Magasinet","provider_url":"https:\/\/lightweb.dev\/l\/svm-temp","author_name":"Redaktionen SvM","author_url":"https:\/\/lightweb.dev\/l\/svm-temp\/reporter\/redaktionen\/","title":"F\u00e4rre spanjorer i utlandet r\u00f6star","type":"rich","width":600,"height":338,"html":"<blockquote class=\"wp-embedded-content\" data-secret=\"NGWTReH2ID\"><a href=\"https:\/\/lightweb.dev\/l\/svm-temp\/nyheter\/farre-spanjorer-i-utlandet-rostar\/\">F\u00e4rre spanjorer i utlandet r\u00f6star<\/a><\/blockquote><iframe sandbox=\"allow-scripts\" security=\"restricted\" src=\"https:\/\/lightweb.dev\/l\/svm-temp\/nyheter\/farre-spanjorer-i-utlandet-rostar\/embed\/#?secret=NGWTReH2ID\" width=\"600\" height=\"338\" title=\"\u201dF\u00e4rre spanjorer i utlandet r\u00f6star\u201d &ndash; Svenska Magasinet\" data-secret=\"NGWTReH2ID\" frameborder=\"0\" marginwidth=\"0\" marginheight=\"0\" scrolling=\"no\" class=\"wp-embedded-content\"><\/iframe><script type=\"text\/javascript\">\n\/* <![CDATA[ *\/\n\/*! This file is auto-generated *\/\n!function(d,l){\"use strict\";l.querySelector&&d.addEventListener&&\"undefined\"!=typeof URL&&(d.wp=d.wp||{},d.wp.receiveEmbedMessage||(d.wp.receiveEmbedMessage=function(e){var t=e.data;if((t||t.secret||t.message||t.value)&&!\/[^a-zA-Z0-9]\/.test(t.secret)){for(var s,r,n,a=l.querySelectorAll('iframe[data-secret=\"'+t.secret+'\"]'),o=l.querySelectorAll('blockquote[data-secret=\"'+t.secret+'\"]'),c=new RegExp(\"^https?:$\",\"i\"),i=0;i<o.length;i++)o[i].style.display=\"none\";for(i=0;i<a.length;i++)s=a[i],e.source===s.contentWindow&&(s.removeAttribute(\"style\"),\"height\"===t.message?(1e3<(r=parseInt(t.value,10))?r=1e3:~~r<200&&(r=200),s.height=r):\"link\"===t.message&&(r=new URL(s.getAttribute(\"src\")),n=new URL(t.value),c.test(n.protocol))&&n.host===r.host&&l.activeElement===s&&(d.top.location.href=t.value))}},d.addEventListener(\"message\",d.wp.receiveEmbedMessage,!1),l.addEventListener(\"DOMContentLoaded\",function(){for(var e,t,s=l.querySelectorAll(\"iframe.wp-embedded-content\"),r=0;r<s.length;r++)(t=(e=s[r]).getAttribute(\"data-secret\"))||(t=Math.random().toString(36).substring(2,12),e.src+=\"#?secret=\"+t,e.setAttribute(\"data-secret\",t)),e.contentWindow.postMessage({message:\"ready\",secret:t},\"*\")},!1)))}(window,document);\n\/* ]]> *\/\n<\/script>\n","thumbnail_url":"https:\/\/lightweb.dev\/l\/svm-temp\/wp-content\/uploads\/2022\/06\/farre-spanjorer-i-utlandet-rostar.png","thumbnail_width":331,"thumbnail_height":200,"description":"N\u00e4stan 1,9 miljoner spanska medborgare i utlandet har r\u00e4tt att r\u00f6sta vid det allm\u00e4nna valet den 20 december. Vid de senaste lokalvalen var det endast mellan tre och fem procent som valde att g\u00f6ra det. Det \u00e4r 396.000 fler spanjorer bosatta i utlandet som har r\u00e4tt att r\u00f6sta vid det allm\u00e4nna valet 20 december j\u00e4mf\u00f6rt [&hellip;]"}