{"version":"1.0","provider_name":"Svenska Magasinet","provider_url":"https:\/\/lightweb.dev\/l\/svm-temp","author_name":"Ola Josefsson","author_url":"https:\/\/lightweb.dev\/l\/svm-temp\/reporter\/ola-josefsson\/","title":"Fina svenska placeringar vid M\u00e1laga maraton","type":"rich","width":600,"height":338,"html":"<blockquote class=\"wp-embedded-content\" data-secret=\"eKCcfUNA15\"><a href=\"https:\/\/lightweb.dev\/l\/svm-temp\/nyheter\/fina-svenska-placeringar-vid-malaga-maraton\/\">Fina svenska placeringar vid M\u00e1laga maraton<\/a><\/blockquote><iframe sandbox=\"allow-scripts\" security=\"restricted\" src=\"https:\/\/lightweb.dev\/l\/svm-temp\/nyheter\/fina-svenska-placeringar-vid-malaga-maraton\/embed\/#?secret=eKCcfUNA15\" width=\"600\" height=\"338\" title=\"\u201dFina svenska placeringar vid M\u00e1laga maraton\u201d &ndash; Svenska Magasinet\" data-secret=\"eKCcfUNA15\" frameborder=\"0\" marginwidth=\"0\" marginheight=\"0\" scrolling=\"no\" class=\"wp-embedded-content\"><\/iframe><script type=\"text\/javascript\">\n\/* <![CDATA[ *\/\n\/*! This file is auto-generated *\/\n!function(d,l){\"use strict\";l.querySelector&&d.addEventListener&&\"undefined\"!=typeof URL&&(d.wp=d.wp||{},d.wp.receiveEmbedMessage||(d.wp.receiveEmbedMessage=function(e){var t=e.data;if((t||t.secret||t.message||t.value)&&!\/[^a-zA-Z0-9]\/.test(t.secret)){for(var s,r,n,a=l.querySelectorAll('iframe[data-secret=\"'+t.secret+'\"]'),o=l.querySelectorAll('blockquote[data-secret=\"'+t.secret+'\"]'),c=new RegExp(\"^https?:$\",\"i\"),i=0;i<o.length;i++)o[i].style.display=\"none\";for(i=0;i<a.length;i++)s=a[i],e.source===s.contentWindow&&(s.removeAttribute(\"style\"),\"height\"===t.message?(1e3<(r=parseInt(t.value,10))?r=1e3:~~r<200&&(r=200),s.height=r):\"link\"===t.message&&(r=new URL(s.getAttribute(\"src\")),n=new URL(t.value),c.test(n.protocol))&&n.host===r.host&&l.activeElement===s&&(d.top.location.href=t.value))}},d.addEventListener(\"message\",d.wp.receiveEmbedMessage,!1),l.addEventListener(\"DOMContentLoaded\",function(){for(var e,t,s=l.querySelectorAll(\"iframe.wp-embedded-content\"),r=0;r<s.length;r++)(t=(e=s[r]).getAttribute(\"data-secret\"))||(t=Math.random().toString(36).substring(2,12),e.src+=\"#?secret=\"+t,e.setAttribute(\"data-secret\",t)),e.contentWindow.postMessage({message:\"ready\",secret:t},\"*\")},!1)))}(window,document);\n\/* ]]> *\/\n<\/script>\n","thumbnail_url":"https:\/\/lightweb.dev\/l\/svm-temp\/wp-content\/uploads\/2022\/04\/fina-svenska-placeringar-vid-mlaga-maraton.png","thumbnail_width":500,"thumbnail_height":300,"description":"9.000 l\u00f6pare varav cirka 5.000 sprang halvmaran. Det var utm\u00e4rkta f\u00f6ruts\u00e4ttningar under s\u00f6ndagen och det blev ett nytt rekord d\u00e5 kenyanen Mark Korir satte nytt rekord med tiden 2.07,40 timmar. Flera svenskar fanns med bland de omkring 9.000 delagarna. Snabbaste var Sp\u00e5rv\u00e4gens Archie Casteel, 25, som sprang p\u00e5 2.15,48 och med det sprang in p\u00e5 [&hellip;]"}