{"version":"1.0","provider_name":"Svenska Magasinet","provider_url":"https:\/\/lightweb.dev\/l\/svm-temp","author_name":"Redaktionen SvM","author_url":"https:\/\/lightweb.dev\/l\/svm-temp\/reporter\/redaktionen\/","title":"Flest inbrott- och bostadsr\u00e5n i Benahav\u00eds","type":"rich","width":600,"height":338,"html":"<blockquote class=\"wp-embedded-content\" data-secret=\"5XTGZ8Zx6a\"><a href=\"https:\/\/lightweb.dev\/l\/svm-temp\/nyheter\/flest-inbrott-och-bostadsran-i-benahavis\/\">Flest inbrott- och bostadsr\u00e5n i Benahav\u00eds<\/a><\/blockquote><iframe sandbox=\"allow-scripts\" security=\"restricted\" src=\"https:\/\/lightweb.dev\/l\/svm-temp\/nyheter\/flest-inbrott-och-bostadsran-i-benahavis\/embed\/#?secret=5XTGZ8Zx6a\" width=\"600\" height=\"338\" title=\"\u201dFlest inbrott- och bostadsr\u00e5n i Benahav\u00eds\u201d &ndash; Svenska Magasinet\" data-secret=\"5XTGZ8Zx6a\" frameborder=\"0\" marginwidth=\"0\" marginheight=\"0\" scrolling=\"no\" class=\"wp-embedded-content\"><\/iframe><script type=\"text\/javascript\">\n\/* <![CDATA[ *\/\n\/*! This file is auto-generated *\/\n!function(d,l){\"use strict\";l.querySelector&&d.addEventListener&&\"undefined\"!=typeof URL&&(d.wp=d.wp||{},d.wp.receiveEmbedMessage||(d.wp.receiveEmbedMessage=function(e){var t=e.data;if((t||t.secret||t.message||t.value)&&!\/[^a-zA-Z0-9]\/.test(t.secret)){for(var s,r,n,a=l.querySelectorAll('iframe[data-secret=\"'+t.secret+'\"]'),o=l.querySelectorAll('blockquote[data-secret=\"'+t.secret+'\"]'),c=new RegExp(\"^https?:$\",\"i\"),i=0;i<o.length;i++)o[i].style.display=\"none\";for(i=0;i<a.length;i++)s=a[i],e.source===s.contentWindow&&(s.removeAttribute(\"style\"),\"height\"===t.message?(1e3<(r=parseInt(t.value,10))?r=1e3:~~r<200&&(r=200),s.height=r):\"link\"===t.message&&(r=new URL(s.getAttribute(\"src\")),n=new URL(t.value),c.test(n.protocol))&&n.host===r.host&&l.activeElement===s&&(d.top.location.href=t.value))}},d.addEventListener(\"message\",d.wp.receiveEmbedMessage,!1),l.addEventListener(\"DOMContentLoaded\",function(){for(var e,t,s=l.querySelectorAll(\"iframe.wp-embedded-content\"),r=0;r<s.length;r++)(t=(e=s[r]).getAttribute(\"data-secret\"))||(t=Math.random().toString(36).substring(2,12),e.src+=\"#?secret=\"+t,e.setAttribute(\"data-secret\",t)),e.contentWindow.postMessage({message:\"ready\",secret:t},\"*\")},!1)))}(window,document);\n\/* ]]> *\/\n<\/script>\n","thumbnail_url":"https:\/\/lightweb.dev\/l\/svm-temp\/wp-content\/uploads\/2022\/06\/flest-inbrott-och-bostadsran-i-benahavis.png","thumbnail_width":383,"thumbnail_height":200,"description":"De flesta kanske tror att M\u00e1laga, Marbella, Mijas och Benalm\u00e1dena har flest bostadsinbrott. Men statistiken visar att sm\u00e5 samh\u00e4llen som Alcauc\u00edn, Benahav\u00eds, Arenas, Humilladero och Carratraca \u00e4r mest drabbade. Det \u00e4r Inrikesdepartementet som sedan ifjol kartl\u00e4gger bostadsr\u00e5n och bostadsinbrott genom \u201dAtlas de los Robos en Viviendas\u201d som kan liknas vid en karta som bygger p\u00e5 [&hellip;]"}