{"version":"1.0","provider_name":"Svenska Magasinet","provider_url":"https:\/\/lightweb.dev\/l\/svm-temp","author_name":"Redaktionen SvM","author_url":"https:\/\/lightweb.dev\/l\/svm-temp\/reporter\/redaktionen\/","title":"Flyget i Spanien s\u00e4tter rekord","type":"rich","width":600,"height":338,"html":"<blockquote class=\"wp-embedded-content\" data-secret=\"33WwizERGq\"><a href=\"https:\/\/lightweb.dev\/l\/svm-temp\/nyheter\/flyget-i-spanien-satter-rekord\/\">Flyget i Spanien s\u00e4tter rekord<\/a><\/blockquote><iframe sandbox=\"allow-scripts\" security=\"restricted\" src=\"https:\/\/lightweb.dev\/l\/svm-temp\/nyheter\/flyget-i-spanien-satter-rekord\/embed\/#?secret=33WwizERGq\" width=\"600\" height=\"338\" title=\"\u201dFlyget i Spanien s\u00e4tter rekord\u201d &ndash; Svenska Magasinet\" data-secret=\"33WwizERGq\" frameborder=\"0\" marginwidth=\"0\" marginheight=\"0\" scrolling=\"no\" class=\"wp-embedded-content\"><\/iframe><script type=\"text\/javascript\">\n\/* <![CDATA[ *\/\n\/*! This file is auto-generated *\/\n!function(d,l){\"use strict\";l.querySelector&&d.addEventListener&&\"undefined\"!=typeof URL&&(d.wp=d.wp||{},d.wp.receiveEmbedMessage||(d.wp.receiveEmbedMessage=function(e){var t=e.data;if((t||t.secret||t.message||t.value)&&!\/[^a-zA-Z0-9]\/.test(t.secret)){for(var s,r,n,a=l.querySelectorAll('iframe[data-secret=\"'+t.secret+'\"]'),o=l.querySelectorAll('blockquote[data-secret=\"'+t.secret+'\"]'),c=new RegExp(\"^https?:$\",\"i\"),i=0;i<o.length;i++)o[i].style.display=\"none\";for(i=0;i<a.length;i++)s=a[i],e.source===s.contentWindow&&(s.removeAttribute(\"style\"),\"height\"===t.message?(1e3<(r=parseInt(t.value,10))?r=1e3:~~r<200&&(r=200),s.height=r):\"link\"===t.message&&(r=new URL(s.getAttribute(\"src\")),n=new URL(t.value),c.test(n.protocol))&&n.host===r.host&&l.activeElement===s&&(d.top.location.href=t.value))}},d.addEventListener(\"message\",d.wp.receiveEmbedMessage,!1),l.addEventListener(\"DOMContentLoaded\",function(){for(var e,t,s=l.querySelectorAll(\"iframe.wp-embedded-content\"),r=0;r<s.length;r++)(t=(e=s[r]).getAttribute(\"data-secret\"))||(t=Math.random().toString(36).substring(2,12),e.src+=\"#?secret=\"+t,e.setAttribute(\"data-secret\",t)),e.contentWindow.postMessage({message:\"ready\",secret:t},\"*\")},!1)))}(window,document);\n\/* ]]> *\/\n<\/script>\n","thumbnail_url":"https:\/\/lightweb.dev\/l\/svm-temp\/wp-content\/uploads\/2022\/06\/flyget-i-spanien-satter-rekord.png","thumbnail_width":700,"thumbnail_height":420,"description":"Historiskt \u00e5r f\u00f6r M\u00e1laga flygplats och historiskt \u00e5r f\u00f6r flygresandet i Spanien. S\u00e5 kan vi sammanfatta fjol\u00e5ret 2019. De flygplatser som ing\u00e5r i det spanska luftfartsverket Aena hade under 2019 \u00f6ver 275,2 miljoner resen\u00e4rer. Det var en \u00f6kning med 4,4 procent j\u00e4mf\u00f6rt med \u00e5ret innan. Totalt registrerades 2,36 miljoner flyg vilket var en \u00f6kning med [&hellip;]"}