{"version":"1.0","provider_name":"Svenska Magasinet","provider_url":"https:\/\/lightweb.dev\/l\/svm-temp","author_name":"Redaktionen SvM","author_url":"https:\/\/lightweb.dev\/l\/svm-temp\/reporter\/redaktionen\/","title":"F\u00f6rsvunna spanska milit\u00e4rer kan ha kidnappats","type":"rich","width":600,"height":338,"html":"<blockquote class=\"wp-embedded-content\" data-secret=\"xszK5AMoel\"><a href=\"https:\/\/lightweb.dev\/l\/svm-temp\/nyheter\/forsvunna-spanska-militarer-kan-ha-kidnappats\/\">F\u00f6rsvunna spanska milit\u00e4rer kan ha kidnappats<\/a><\/blockquote><iframe sandbox=\"allow-scripts\" security=\"restricted\" src=\"https:\/\/lightweb.dev\/l\/svm-temp\/nyheter\/forsvunna-spanska-militarer-kan-ha-kidnappats\/embed\/#?secret=xszK5AMoel\" width=\"600\" height=\"338\" title=\"\u201dF\u00f6rsvunna spanska milit\u00e4rer kan ha kidnappats\u201d &ndash; Svenska Magasinet\" data-secret=\"xszK5AMoel\" frameborder=\"0\" marginwidth=\"0\" marginheight=\"0\" scrolling=\"no\" class=\"wp-embedded-content\"><\/iframe><script type=\"text\/javascript\">\n\/* <![CDATA[ *\/\n\/*! This file is auto-generated *\/\n!function(d,l){\"use strict\";l.querySelector&&d.addEventListener&&\"undefined\"!=typeof URL&&(d.wp=d.wp||{},d.wp.receiveEmbedMessage||(d.wp.receiveEmbedMessage=function(e){var t=e.data;if((t||t.secret||t.message||t.value)&&!\/[^a-zA-Z0-9]\/.test(t.secret)){for(var s,r,n,a=l.querySelectorAll('iframe[data-secret=\"'+t.secret+'\"]'),o=l.querySelectorAll('blockquote[data-secret=\"'+t.secret+'\"]'),c=new RegExp(\"^https?:$\",\"i\"),i=0;i<o.length;i++)o[i].style.display=\"none\";for(i=0;i<a.length;i++)s=a[i],e.source===s.contentWindow&&(s.removeAttribute(\"style\"),\"height\"===t.message?(1e3<(r=parseInt(t.value,10))?r=1e3:~~r<200&&(r=200),s.height=r):\"link\"===t.message&&(r=new URL(s.getAttribute(\"src\")),n=new URL(t.value),c.test(n.protocol))&&n.host===r.host&&l.activeElement===s&&(d.top.location.href=t.value))}},d.addEventListener(\"message\",d.wp.receiveEmbedMessage,!1),l.addEventListener(\"DOMContentLoaded\",function(){for(var e,t,s=l.querySelectorAll(\"iframe.wp-embedded-content\"),r=0;r<s.length;r++)(t=(e=s[r]).getAttribute(\"data-secret\"))||(t=Math.random().toString(36).substring(2,12),e.src+=\"#?secret=\"+t,e.setAttribute(\"data-secret\",t)),e.contentWindow.postMessage({message:\"ready\",secret:t},\"*\")},!1)))}(window,document);\n\/* ]]> *\/\n<\/script>\n","thumbnail_url":"https:\/\/lightweb.dev\/l\/svm-temp\/wp-content\/uploads\/2022\/06\/forsvunna-spanska-militarer-kan-ha-kidnappats.png","thumbnail_width":300,"thumbnail_height":200,"description":"Varken helikoptern eller de tre f\u00f6rsvunna spanska milit\u00e4rerna har hittats efter olyckan som intr\u00e4ffade i havet 74 km utanf\u00f6r V\u00e4stsahara i torsdags. Enligt f\u00f6rsvarsminister Pedro Moren\u00e9s utesluts nu ingenting vilken \u00e4ven inkluderar kidnappning eller bortf\u00f6rande. Underr\u00e4ttelsetj\u00e4nsten vill inte g\u00e5 ut med n\u00e5gra uppgifter om den f\u00f6rsvunna helikoptern som de tre spanska milit\u00e4rerna f\u00e4rdades i efter [&hellip;]"}