{"version":"1.0","provider_name":"Svenska Magasinet","provider_url":"https:\/\/lightweb.dev\/l\/svm-temp","author_name":"Redaktionen SvM","author_url":"https:\/\/lightweb.dev\/l\/svm-temp\/reporter\/redaktionen\/","title":"Fr\u00e4ck kyrkotjuv gripen i M\u00e1laga","type":"rich","width":600,"height":338,"html":"<blockquote class=\"wp-embedded-content\" data-secret=\"60phAk5XgJ\"><a href=\"https:\/\/lightweb.dev\/l\/svm-temp\/nyheter\/frack-kyrkotjuv-gripen-i-malaga\/\">Fr\u00e4ck kyrkotjuv gripen i M\u00e1laga<\/a><\/blockquote><iframe sandbox=\"allow-scripts\" security=\"restricted\" src=\"https:\/\/lightweb.dev\/l\/svm-temp\/nyheter\/frack-kyrkotjuv-gripen-i-malaga\/embed\/#?secret=60phAk5XgJ\" width=\"600\" height=\"338\" title=\"\u201dFr\u00e4ck kyrkotjuv gripen i M\u00e1laga\u201d &ndash; Svenska Magasinet\" data-secret=\"60phAk5XgJ\" frameborder=\"0\" marginwidth=\"0\" marginheight=\"0\" scrolling=\"no\" class=\"wp-embedded-content\"><\/iframe><script type=\"text\/javascript\">\n\/* <![CDATA[ *\/\n\/*! This file is auto-generated *\/\n!function(d,l){\"use strict\";l.querySelector&&d.addEventListener&&\"undefined\"!=typeof URL&&(d.wp=d.wp||{},d.wp.receiveEmbedMessage||(d.wp.receiveEmbedMessage=function(e){var t=e.data;if((t||t.secret||t.message||t.value)&&!\/[^a-zA-Z0-9]\/.test(t.secret)){for(var s,r,n,a=l.querySelectorAll('iframe[data-secret=\"'+t.secret+'\"]'),o=l.querySelectorAll('blockquote[data-secret=\"'+t.secret+'\"]'),c=new RegExp(\"^https?:$\",\"i\"),i=0;i<o.length;i++)o[i].style.display=\"none\";for(i=0;i<a.length;i++)s=a[i],e.source===s.contentWindow&&(s.removeAttribute(\"style\"),\"height\"===t.message?(1e3<(r=parseInt(t.value,10))?r=1e3:~~r<200&&(r=200),s.height=r):\"link\"===t.message&&(r=new URL(s.getAttribute(\"src\")),n=new URL(t.value),c.test(n.protocol))&&n.host===r.host&&l.activeElement===s&&(d.top.location.href=t.value))}},d.addEventListener(\"message\",d.wp.receiveEmbedMessage,!1),l.addEventListener(\"DOMContentLoaded\",function(){for(var e,t,s=l.querySelectorAll(\"iframe.wp-embedded-content\"),r=0;r<s.length;r++)(t=(e=s[r]).getAttribute(\"data-secret\"))||(t=Math.random().toString(36).substring(2,12),e.src+=\"#?secret=\"+t,e.setAttribute(\"data-secret\",t)),e.contentWindow.postMessage({message:\"ready\",secret:t},\"*\")},!1)))}(window,document);\n\/* ]]> *\/\n<\/script>\n","thumbnail_url":"https:\/\/lightweb.dev\/l\/svm-temp\/wp-content\/uploads\/2022\/06\/frack-kyrkotjuv-gripen-i-malaga.png","thumbnail_width":700,"thumbnail_height":420,"description":"Den gripne \u00e4r en 31-\u00e5rig rum\u00e4n som bodde centralt i M\u00e1laga efter att ha flyttat dit fr\u00e5n Italien. Han misst\u00e4nks f\u00f6r st\u00f6lder i tv\u00e5 kyrkor, b\u00e5da kyrkorna ligger strax intill hans bostad. Han har bes\u00f6kt kyrkorna under gudstj\u00e4nsttid och har d\u00e5 f\u00f6refallit vara en vanlig kyrkobes\u00f6kare, han har ocks\u00e5 medf\u00f6rt bibel och burit ett krucifix. [&hellip;]"}