{"version":"1.0","provider_name":"Svenska Magasinet","provider_url":"https:\/\/lightweb.dev\/l\/svm-temp","author_name":"Redaktionen SvM","author_url":"https:\/\/lightweb.dev\/l\/svm-temp\/reporter\/redaktionen\/","title":"Fuengirola kr\u00e4ver ny skola omg\u00e5ende","type":"rich","width":600,"height":338,"html":"<blockquote class=\"wp-embedded-content\" data-secret=\"ujCQrl3foj\"><a href=\"https:\/\/lightweb.dev\/l\/svm-temp\/nyheter\/fuengirola-kraver-ny-skola-omgaende\/\">Fuengirola kr\u00e4ver ny skola omg\u00e5ende<\/a><\/blockquote><iframe sandbox=\"allow-scripts\" security=\"restricted\" src=\"https:\/\/lightweb.dev\/l\/svm-temp\/nyheter\/fuengirola-kraver-ny-skola-omgaende\/embed\/#?secret=ujCQrl3foj\" width=\"600\" height=\"338\" title=\"\u201dFuengirola kr\u00e4ver ny skola omg\u00e5ende\u201d &ndash; Svenska Magasinet\" data-secret=\"ujCQrl3foj\" frameborder=\"0\" marginwidth=\"0\" marginheight=\"0\" scrolling=\"no\" class=\"wp-embedded-content\"><\/iframe><script type=\"text\/javascript\">\n\/* <![CDATA[ *\/\n\/*! This file is auto-generated *\/\n!function(d,l){\"use strict\";l.querySelector&&d.addEventListener&&\"undefined\"!=typeof URL&&(d.wp=d.wp||{},d.wp.receiveEmbedMessage||(d.wp.receiveEmbedMessage=function(e){var t=e.data;if((t||t.secret||t.message||t.value)&&!\/[^a-zA-Z0-9]\/.test(t.secret)){for(var s,r,n,a=l.querySelectorAll('iframe[data-secret=\"'+t.secret+'\"]'),o=l.querySelectorAll('blockquote[data-secret=\"'+t.secret+'\"]'),c=new RegExp(\"^https?:$\",\"i\"),i=0;i<o.length;i++)o[i].style.display=\"none\";for(i=0;i<a.length;i++)s=a[i],e.source===s.contentWindow&&(s.removeAttribute(\"style\"),\"height\"===t.message?(1e3<(r=parseInt(t.value,10))?r=1e3:~~r<200&&(r=200),s.height=r):\"link\"===t.message&&(r=new URL(s.getAttribute(\"src\")),n=new URL(t.value),c.test(n.protocol))&&n.host===r.host&&l.activeElement===s&&(d.top.location.href=t.value))}},d.addEventListener(\"message\",d.wp.receiveEmbedMessage,!1),l.addEventListener(\"DOMContentLoaded\",function(){for(var e,t,s=l.querySelectorAll(\"iframe.wp-embedded-content\"),r=0;r<s.length;r++)(t=(e=s[r]).getAttribute(\"data-secret\"))||(t=Math.random().toString(36).substring(2,12),e.src+=\"#?secret=\"+t,e.setAttribute(\"data-secret\",t)),e.contentWindow.postMessage({message:\"ready\",secret:t},\"*\")},!1)))}(window,document);\n\/* ]]> *\/\n<\/script>\n","description":"Fuengirolas kommun kr\u00e4ver att en ny skola byggs i expressfart i stadsdelen Los Pacos. Kommunfullm\u00e4ktige klubbade ig\u00e5r igenom beslutet att \u00f6verl\u00e5ta mark till Junta de Andaluc\u00eda f\u00f6r skolbygget. Det \u00e4r nu upp till den regionala myndigheten att s\u00e4tta ig\u00e5ng med bygget. Det har tidigare aviserats att skolan skulle st\u00e5 klar till l\u00e4s\u00e5ret 2009-2010. Situationen \u00e4r [&hellip;]"}