{"version":"1.0","provider_name":"Svenska Magasinet","provider_url":"https:\/\/lightweb.dev\/l\/svm-temp","author_name":"Redaktionen SvM","author_url":"https:\/\/lightweb.dev\/l\/svm-temp\/reporter\/redaktionen\/","title":"Fuengirola skall bli cykelv\u00e4nligare","type":"rich","width":600,"height":338,"html":"<blockquote class=\"wp-embedded-content\" data-secret=\"bh9WoZ85Ai\"><a href=\"https:\/\/lightweb.dev\/l\/svm-temp\/nyheter\/fuengirola-skall-bli-cykelvanligare\/\">Fuengirola skall bli cykelv\u00e4nligare<\/a><\/blockquote><iframe sandbox=\"allow-scripts\" security=\"restricted\" src=\"https:\/\/lightweb.dev\/l\/svm-temp\/nyheter\/fuengirola-skall-bli-cykelvanligare\/embed\/#?secret=bh9WoZ85Ai\" width=\"600\" height=\"338\" title=\"\u201dFuengirola skall bli cykelv\u00e4nligare\u201d &ndash; Svenska Magasinet\" data-secret=\"bh9WoZ85Ai\" frameborder=\"0\" marginwidth=\"0\" marginheight=\"0\" scrolling=\"no\" class=\"wp-embedded-content\"><\/iframe><script type=\"text\/javascript\">\n\/* <![CDATA[ *\/\n\/*! This file is auto-generated *\/\n!function(d,l){\"use strict\";l.querySelector&&d.addEventListener&&\"undefined\"!=typeof URL&&(d.wp=d.wp||{},d.wp.receiveEmbedMessage||(d.wp.receiveEmbedMessage=function(e){var t=e.data;if((t||t.secret||t.message||t.value)&&!\/[^a-zA-Z0-9]\/.test(t.secret)){for(var s,r,n,a=l.querySelectorAll('iframe[data-secret=\"'+t.secret+'\"]'),o=l.querySelectorAll('blockquote[data-secret=\"'+t.secret+'\"]'),c=new RegExp(\"^https?:$\",\"i\"),i=0;i<o.length;i++)o[i].style.display=\"none\";for(i=0;i<a.length;i++)s=a[i],e.source===s.contentWindow&&(s.removeAttribute(\"style\"),\"height\"===t.message?(1e3<(r=parseInt(t.value,10))?r=1e3:~~r<200&&(r=200),s.height=r):\"link\"===t.message&&(r=new URL(s.getAttribute(\"src\")),n=new URL(t.value),c.test(n.protocol))&&n.host===r.host&&l.activeElement===s&&(d.top.location.href=t.value))}},d.addEventListener(\"message\",d.wp.receiveEmbedMessage,!1),l.addEventListener(\"DOMContentLoaded\",function(){for(var e,t,s=l.querySelectorAll(\"iframe.wp-embedded-content\"),r=0;r<s.length;r++)(t=(e=s[r]).getAttribute(\"data-secret\"))||(t=Math.random().toString(36).substring(2,12),e.src+=\"#?secret=\"+t,e.setAttribute(\"data-secret\",t)),e.contentWindow.postMessage({message:\"ready\",secret:t},\"*\")},!1)))}(window,document);\n\/* ]]> *\/\n<\/script>\n","thumbnail_url":"https:\/\/lightweb.dev\/l\/svm-temp\/wp-content\/uploads\/2022\/06\/fuengirola-skall-bli-cykelvanligare.png","thumbnail_width":700,"thumbnail_height":420,"description":"Ett nytt n\u00e4tverk av cykelv\u00e4gar kommer att binda ihop 25 kilometer av cykelbanor och v\u00e4gar d\u00e4r cyklarna har f\u00f6retr\u00e4de. M\u00e5let \u00e4r att skapa tre l\u00e4ngsg\u00e5ende och nio tv\u00e4rg\u00e5ende leder d\u00e4r cyklisterna kommer att vara prioriterade fordon. Fuengirola \u00e4r en till ytan liten kommun, faktiskt en av Spaniens minsta, men har en stor befolkningst\u00e4thet. Kommunfullm\u00e4ktige har [&hellip;]"}