{"version":"1.0","provider_name":"Svenska Magasinet","provider_url":"https:\/\/lightweb.dev\/l\/svm-temp","author_name":"Redaktionen SvM","author_url":"https:\/\/lightweb.dev\/l\/svm-temp\/reporter\/redaktionen\/","title":"Fuengirolas nya boulevarder till hamnen klara","type":"rich","width":600,"height":338,"html":"<blockquote class=\"wp-embedded-content\" data-secret=\"3s8Czm5SEG\"><a href=\"https:\/\/lightweb.dev\/l\/svm-temp\/nyheter\/fuengirolas-nya-boulevarder-till-hamnen-klara\/\">Fuengirolas nya boulevarder till hamnen klara<\/a><\/blockquote><iframe sandbox=\"allow-scripts\" security=\"restricted\" src=\"https:\/\/lightweb.dev\/l\/svm-temp\/nyheter\/fuengirolas-nya-boulevarder-till-hamnen-klara\/embed\/#?secret=3s8Czm5SEG\" width=\"600\" height=\"338\" title=\"\u201dFuengirolas nya boulevarder till hamnen klara\u201d &ndash; Svenska Magasinet\" data-secret=\"3s8Czm5SEG\" frameborder=\"0\" marginwidth=\"0\" marginheight=\"0\" scrolling=\"no\" class=\"wp-embedded-content\"><\/iframe><script type=\"text\/javascript\">\n\/* <![CDATA[ *\/\n\/*! This file is auto-generated *\/\n!function(d,l){\"use strict\";l.querySelector&&d.addEventListener&&\"undefined\"!=typeof URL&&(d.wp=d.wp||{},d.wp.receiveEmbedMessage||(d.wp.receiveEmbedMessage=function(e){var t=e.data;if((t||t.secret||t.message||t.value)&&!\/[^a-zA-Z0-9]\/.test(t.secret)){for(var s,r,n,a=l.querySelectorAll('iframe[data-secret=\"'+t.secret+'\"]'),o=l.querySelectorAll('blockquote[data-secret=\"'+t.secret+'\"]'),c=new RegExp(\"^https?:$\",\"i\"),i=0;i<o.length;i++)o[i].style.display=\"none\";for(i=0;i<a.length;i++)s=a[i],e.source===s.contentWindow&&(s.removeAttribute(\"style\"),\"height\"===t.message?(1e3<(r=parseInt(t.value,10))?r=1e3:~~r<200&&(r=200),s.height=r):\"link\"===t.message&&(r=new URL(s.getAttribute(\"src\")),n=new URL(t.value),c.test(n.protocol))&&n.host===r.host&&l.activeElement===s&&(d.top.location.href=t.value))}},d.addEventListener(\"message\",d.wp.receiveEmbedMessage,!1),l.addEventListener(\"DOMContentLoaded\",function(){for(var e,t,s=l.querySelectorAll(\"iframe.wp-embedded-content\"),r=0;r<s.length;r++)(t=(e=s[r]).getAttribute(\"data-secret\"))||(t=Math.random().toString(36).substring(2,12),e.src+=\"#?secret=\"+t,e.setAttribute(\"data-secret\",t)),e.contentWindow.postMessage({message:\"ready\",secret:t},\"*\")},!1)))}(window,document);\n\/* ]]> *\/\n<\/script>\n","thumbnail_url":"https:\/\/lightweb.dev\/l\/svm-temp\/wp-content\/uploads\/2022\/06\/fuengirolas-nya-boulevarder-till-hamnen-klara.png","thumbnail_width":301,"thumbnail_height":200,"description":"S\u00e5 \u00e4r d\u00e5 gatorna Lamo de Espinosa och Mart\u00ednez Catena i centrala Fuengirola klara och invigda. Gatorna har blivit till boulevarder, det vill s\u00e4ga, med breda trottoarer f\u00f6r fotg\u00e4ngare. Under de senaste m\u00e5naderna har dessa v\u00e4gar genomg\u00e5tt en total makeover med renoverad infrastruktur, bredare trottoarer f\u00f6r att g\u00f6ra det l\u00e4ttare f\u00f6r fotg\u00e4ngare vilket har f\u00f6r\u00e4ndrat [&hellip;]"}