{"version":"1.0","provider_name":"Svenska Magasinet","provider_url":"https:\/\/lightweb.dev\/l\/svm-temp","author_name":"Redaktionen SvM","author_url":"https:\/\/lightweb.dev\/l\/svm-temp\/reporter\/redaktionen\/","title":"Gaelisk fotboll v\u00e4xer i Marbella","type":"rich","width":600,"height":338,"html":"<blockquote class=\"wp-embedded-content\" data-secret=\"sbGwKp1NAX\"><a href=\"https:\/\/lightweb.dev\/l\/svm-temp\/nyheter\/gaelisk-fotboll-vaxer-i-marbella\/\">Gaelisk fotboll v\u00e4xer i Marbella<\/a><\/blockquote><iframe sandbox=\"allow-scripts\" security=\"restricted\" src=\"https:\/\/lightweb.dev\/l\/svm-temp\/nyheter\/gaelisk-fotboll-vaxer-i-marbella\/embed\/#?secret=sbGwKp1NAX\" width=\"600\" height=\"338\" title=\"\u201dGaelisk fotboll v\u00e4xer i Marbella\u201d &ndash; Svenska Magasinet\" data-secret=\"sbGwKp1NAX\" frameborder=\"0\" marginwidth=\"0\" marginheight=\"0\" scrolling=\"no\" class=\"wp-embedded-content\"><\/iframe><script type=\"text\/javascript\">\n\/* <![CDATA[ *\/\n\/*! This file is auto-generated *\/\n!function(d,l){\"use strict\";l.querySelector&&d.addEventListener&&\"undefined\"!=typeof URL&&(d.wp=d.wp||{},d.wp.receiveEmbedMessage||(d.wp.receiveEmbedMessage=function(e){var t=e.data;if((t||t.secret||t.message||t.value)&&!\/[^a-zA-Z0-9]\/.test(t.secret)){for(var s,r,n,a=l.querySelectorAll('iframe[data-secret=\"'+t.secret+'\"]'),o=l.querySelectorAll('blockquote[data-secret=\"'+t.secret+'\"]'),c=new RegExp(\"^https?:$\",\"i\"),i=0;i<o.length;i++)o[i].style.display=\"none\";for(i=0;i<a.length;i++)s=a[i],e.source===s.contentWindow&&(s.removeAttribute(\"style\"),\"height\"===t.message?(1e3<(r=parseInt(t.value,10))?r=1e3:~~r<200&&(r=200),s.height=r):\"link\"===t.message&&(r=new URL(s.getAttribute(\"src\")),n=new URL(t.value),c.test(n.protocol))&&n.host===r.host&&l.activeElement===s&&(d.top.location.href=t.value))}},d.addEventListener(\"message\",d.wp.receiveEmbedMessage,!1),l.addEventListener(\"DOMContentLoaded\",function(){for(var e,t,s=l.querySelectorAll(\"iframe.wp-embedded-content\"),r=0;r<s.length;r++)(t=(e=s[r]).getAttribute(\"data-secret\"))||(t=Math.random().toString(36).substring(2,12),e.src+=\"#?secret=\"+t,e.setAttribute(\"data-secret\",t)),e.contentWindow.postMessage({message:\"ready\",secret:t},\"*\")},!1)))}(window,document);\n\/* ]]> *\/\n<\/script>\n","thumbnail_url":"https:\/\/lightweb.dev\/l\/svm-temp\/wp-content\/uploads\/2022\/06\/gaelisk-fotboll-vaxer-i-marbella.png","thumbnail_width":500,"thumbnail_height":300,"description":"Har du upplevt Irlands fartfyllda nationalsport gaelisk fotboll? Klubben Costa Gaels v\u00e4xer och f\u00e5r allt fler medlemmar. Sedan den grundades 2001 har antalet medlemmar n\u00e4stan tredubblats. F\u00f6r f\u00f6rsta g\u00e5ngen finns \u00e4ven en damsektion samtidigt som den st\u00f6rsta \u00f6kningen av medlemmar \u00e4r av unga spelare. Klubben Costa Gaels har n\u00e5tt ut med budskapet att de finns [&hellip;]"}