{"version":"1.0","provider_name":"Svenska Magasinet","provider_url":"https:\/\/lightweb.dev\/l\/svm-temp","author_name":"Redaktionen SvM","author_url":"https:\/\/lightweb.dev\/l\/svm-temp\/reporter\/redaktionen\/","title":"\u201dGran Odalisca\u201d fr\u00e5n Louvren till Prado","type":"rich","width":600,"height":338,"html":"<blockquote class=\"wp-embedded-content\" data-secret=\"MA42pGxm4B\"><a href=\"https:\/\/lightweb.dev\/l\/svm-temp\/nyheter\/gran-odalisca-fran-louvren-till-prado\/\">\u201dGran Odalisca\u201d fr\u00e5n Louvren till Prado<\/a><\/blockquote><iframe sandbox=\"allow-scripts\" security=\"restricted\" src=\"https:\/\/lightweb.dev\/l\/svm-temp\/nyheter\/gran-odalisca-fran-louvren-till-prado\/embed\/#?secret=MA42pGxm4B\" width=\"600\" height=\"338\" title=\"\u201d\u201dGran Odalisca\u201d fr\u00e5n Louvren till Prado\u201d &ndash; Svenska Magasinet\" data-secret=\"MA42pGxm4B\" frameborder=\"0\" marginwidth=\"0\" marginheight=\"0\" scrolling=\"no\" class=\"wp-embedded-content\"><\/iframe><script type=\"text\/javascript\">\n\/* <![CDATA[ *\/\n\/*! This file is auto-generated *\/\n!function(d,l){\"use strict\";l.querySelector&&d.addEventListener&&\"undefined\"!=typeof URL&&(d.wp=d.wp||{},d.wp.receiveEmbedMessage||(d.wp.receiveEmbedMessage=function(e){var t=e.data;if((t||t.secret||t.message||t.value)&&!\/[^a-zA-Z0-9]\/.test(t.secret)){for(var s,r,n,a=l.querySelectorAll('iframe[data-secret=\"'+t.secret+'\"]'),o=l.querySelectorAll('blockquote[data-secret=\"'+t.secret+'\"]'),c=new RegExp(\"^https?:$\",\"i\"),i=0;i<o.length;i++)o[i].style.display=\"none\";for(i=0;i<a.length;i++)s=a[i],e.source===s.contentWindow&&(s.removeAttribute(\"style\"),\"height\"===t.message?(1e3<(r=parseInt(t.value,10))?r=1e3:~~r<200&&(r=200),s.height=r):\"link\"===t.message&&(r=new URL(s.getAttribute(\"src\")),n=new URL(t.value),c.test(n.protocol))&&n.host===r.host&&l.activeElement===s&&(d.top.location.href=t.value))}},d.addEventListener(\"message\",d.wp.receiveEmbedMessage,!1),l.addEventListener(\"DOMContentLoaded\",function(){for(var e,t,s=l.querySelectorAll(\"iframe.wp-embedded-content\"),r=0;r<s.length;r++)(t=(e=s[r]).getAttribute(\"data-secret\"))||(t=Math.random().toString(36).substring(2,12),e.src+=\"#?secret=\"+t,e.setAttribute(\"data-secret\",t)),e.contentWindow.postMessage({message:\"ready\",secret:t},\"*\")},!1)))}(window,document);\n\/* ]]> *\/\n<\/script>\n","thumbnail_url":"https:\/\/lightweb.dev\/l\/svm-temp\/wp-content\/uploads\/2022\/06\/gran-odalisca-fran-louvren-till-prado.png","thumbnail_width":565,"thumbnail_height":200,"description":"\u201dGran Odalisca\u201d ses som en av de mest f\u00f6rf\u00f6riska och v\u00e4rldsber\u00f6mda n\u00e4r det g\u00e4ller nakna m\u00e5lningar. Det \u00e4r andra g\u00e5ngen detta m\u00e4sterverk l\u00e4mnar Louvren f\u00f6r att visas utomlands denna g\u00e5ng p\u00e5 Pradomuseet fram till v\u00e5ren 2016. Att m\u00e5lningen kommer till Spaniens huvudstad Madrid och Prado \u00e4r tack vare den generositet som Louvren i Paris visar [&hellip;]"}