{"version":"1.0","provider_name":"Svenska Magasinet","provider_url":"https:\/\/lightweb.dev\/l\/svm-temp","author_name":"Redaktionen SvM","author_url":"https:\/\/lightweb.dev\/l\/svm-temp\/reporter\/redaktionen\/","title":"H\u00f6g brandrisk i sommar","type":"rich","width":600,"height":338,"html":"<blockquote class=\"wp-embedded-content\" data-secret=\"qnnwL0DMfi\"><a href=\"https:\/\/lightweb.dev\/l\/svm-temp\/nyheter\/hog-brandrisk-i-sommar\/\">H\u00f6g brandrisk i sommar<\/a><\/blockquote><iframe sandbox=\"allow-scripts\" security=\"restricted\" src=\"https:\/\/lightweb.dev\/l\/svm-temp\/nyheter\/hog-brandrisk-i-sommar\/embed\/#?secret=qnnwL0DMfi\" width=\"600\" height=\"338\" title=\"\u201dH\u00f6g brandrisk i sommar\u201d &ndash; Svenska Magasinet\" data-secret=\"qnnwL0DMfi\" frameborder=\"0\" marginwidth=\"0\" marginheight=\"0\" scrolling=\"no\" class=\"wp-embedded-content\"><\/iframe><script type=\"text\/javascript\">\n\/* <![CDATA[ *\/\n\/*! This file is auto-generated *\/\n!function(d,l){\"use strict\";l.querySelector&&d.addEventListener&&\"undefined\"!=typeof URL&&(d.wp=d.wp||{},d.wp.receiveEmbedMessage||(d.wp.receiveEmbedMessage=function(e){var t=e.data;if((t||t.secret||t.message||t.value)&&!\/[^a-zA-Z0-9]\/.test(t.secret)){for(var s,r,n,a=l.querySelectorAll('iframe[data-secret=\"'+t.secret+'\"]'),o=l.querySelectorAll('blockquote[data-secret=\"'+t.secret+'\"]'),c=new RegExp(\"^https?:$\",\"i\"),i=0;i<o.length;i++)o[i].style.display=\"none\";for(i=0;i<a.length;i++)s=a[i],e.source===s.contentWindow&&(s.removeAttribute(\"style\"),\"height\"===t.message?(1e3<(r=parseInt(t.value,10))?r=1e3:~~r<200&&(r=200),s.height=r):\"link\"===t.message&&(r=new URL(s.getAttribute(\"src\")),n=new URL(t.value),c.test(n.protocol))&&n.host===r.host&&l.activeElement===s&&(d.top.location.href=t.value))}},d.addEventListener(\"message\",d.wp.receiveEmbedMessage,!1),l.addEventListener(\"DOMContentLoaded\",function(){for(var e,t,s=l.querySelectorAll(\"iframe.wp-embedded-content\"),r=0;r<s.length;r++)(t=(e=s[r]).getAttribute(\"data-secret\"))||(t=Math.random().toString(36).substring(2,12),e.src+=\"#?secret=\"+t,e.setAttribute(\"data-secret\",t)),e.contentWindow.postMessage({message:\"ready\",secret:t},\"*\")},!1)))}(window,document);\n\/* ]]> *\/\n<\/script>\n","thumbnail_url":"https:\/\/lightweb.dev\/l\/svm-temp\/wp-content\/uploads\/2022\/06\/hog-brandrisk-i-sommar.png","thumbnail_width":700,"thumbnail_height":420,"description":"Regionalregeringen satsar 169,6 miljoner euro p\u00e5 utrustning och personal d\u00e5 det r\u00e5der h\u00f6g brandrisk under sommarhalv\u00e5ret. Den torra vintern och v\u00e5ren g\u00f6r l\u00e4get extra k\u00e4nsligt. Br\u00e4nder \u00e4r det fr\u00e4msta hotet f\u00f6r Andalusiens skogar. Andalusien har en rik biologisk m\u00e5ngfald och stora ekologiska v\u00e4rden. Skogarna fungerar som regionens gr\u00f6na lunga. Nyligen presenterades den nya brandbek\u00e4mpningsplanen, Plan [&hellip;]"}