{"version":"1.0","provider_name":"Svenska Magasinet","provider_url":"https:\/\/lightweb.dev\/l\/svm-temp","author_name":"Redaktionen SvM","author_url":"https:\/\/lightweb.dev\/l\/svm-temp\/reporter\/redaktionen\/","title":"H\u00f6gsommarv\u00e4rmen \u00e4r h\u00e4r","type":"rich","width":600,"height":338,"html":"<blockquote class=\"wp-embedded-content\" data-secret=\"TTCjD4bpcZ\"><a href=\"https:\/\/lightweb.dev\/l\/svm-temp\/nyheter\/hogsommarvarmen-ar-har\/\">H\u00f6gsommarv\u00e4rmen \u00e4r h\u00e4r<\/a><\/blockquote><iframe sandbox=\"allow-scripts\" security=\"restricted\" src=\"https:\/\/lightweb.dev\/l\/svm-temp\/nyheter\/hogsommarvarmen-ar-har\/embed\/#?secret=TTCjD4bpcZ\" width=\"600\" height=\"338\" title=\"\u201dH\u00f6gsommarv\u00e4rmen \u00e4r h\u00e4r\u201d &ndash; Svenska Magasinet\" data-secret=\"TTCjD4bpcZ\" frameborder=\"0\" marginwidth=\"0\" marginheight=\"0\" scrolling=\"no\" class=\"wp-embedded-content\"><\/iframe><script type=\"text\/javascript\">\n\/* <![CDATA[ *\/\n\/*! This file is auto-generated *\/\n!function(d,l){\"use strict\";l.querySelector&&d.addEventListener&&\"undefined\"!=typeof URL&&(d.wp=d.wp||{},d.wp.receiveEmbedMessage||(d.wp.receiveEmbedMessage=function(e){var t=e.data;if((t||t.secret||t.message||t.value)&&!\/[^a-zA-Z0-9]\/.test(t.secret)){for(var s,r,n,a=l.querySelectorAll('iframe[data-secret=\"'+t.secret+'\"]'),o=l.querySelectorAll('blockquote[data-secret=\"'+t.secret+'\"]'),c=new RegExp(\"^https?:$\",\"i\"),i=0;i<o.length;i++)o[i].style.display=\"none\";for(i=0;i<a.length;i++)s=a[i],e.source===s.contentWindow&&(s.removeAttribute(\"style\"),\"height\"===t.message?(1e3<(r=parseInt(t.value,10))?r=1e3:~~r<200&&(r=200),s.height=r):\"link\"===t.message&&(r=new URL(s.getAttribute(\"src\")),n=new URL(t.value),c.test(n.protocol))&&n.host===r.host&&l.activeElement===s&&(d.top.location.href=t.value))}},d.addEventListener(\"message\",d.wp.receiveEmbedMessage,!1),l.addEventListener(\"DOMContentLoaded\",function(){for(var e,t,s=l.querySelectorAll(\"iframe.wp-embedded-content\"),r=0;r<s.length;r++)(t=(e=s[r]).getAttribute(\"data-secret\"))||(t=Math.random().toString(36).substring(2,12),e.src+=\"#?secret=\"+t,e.setAttribute(\"data-secret\",t)),e.contentWindow.postMessage({message:\"ready\",secret:t},\"*\")},!1)))}(window,document);\n\/* ]]> *\/\n<\/script>\n","thumbnail_url":"https:\/\/lightweb.dev\/l\/svm-temp\/wp-content\/uploads\/2022\/06\/hogsommarvarmen-ar-har.png","thumbnail_width":500,"thumbnail_height":300,"description":"\u00c5rets f\u00f6rsta veckoslut med h\u00f6gsommarv\u00e4rme. Visst k\u00e4nns det som att det normala livet har \u00e5terv\u00e4nt till den spanska Solkusten. Det \u00e4r vinden El terral som pressar upp temperaturen under helgen till 36 grader i vissa delar av inlandet. V\u00e4derlekstj\u00e4nsten Aemet (Agencia Estatal de Meteorolog\u00eda) s\u00e4ger att temperaturen kommer att stiga som h\u00f6gst i Valle del [&hellip;]"}